{"id":17,"date":"2014-11-28T22:06:53","date_gmt":"2014-11-28T22:06:53","guid":{"rendered":"http:\/\/ec2-54-211-66-106.compute-1.amazonaws.com\/wordpress\/?page_id=17"},"modified":"2023-06-26T01:18:24","modified_gmt":"2023-06-26T01:18:24","slug":"plafond-de-verre","status":"publish","type":"page","link":"http:\/\/www.mortsenbloc.com\/","title":{"rendered":"MORTS EN BLOC"},"content":{"rendered":"<hr \/>\n<p>Cet article parle de h<em>\u00f4<\/em>pital Henri Mondor, situ\u00e9 pr\u00e8s de paris, o\u00f9 de <strong>nombreux<\/strong> <strong>patients<\/strong> <strong>sont<\/strong> <strong>morts<\/strong>\u00a0apr<em>\u00e8s\u00a0<\/em>leur op\u00e9ration du coeur.<\/p>\n<p>Le chef de service ne serait\u00a0pas \u00e0 la hauteur, ses anciens coll\u00e8gues lui ayant m\u00eame\u00a0demand\u00e9 de\u00a0<strong>compl\u00e9ter sa formation.<\/strong><\/p>\n<p>MAIS, pour le Conseil National des Universit\u00e9<em>s,<\/em>\u00a0le fautif serait le nombre \u201c<strong>non n\u00e9gligeable<\/strong>\u201d de patients \u201c<strong>issus de communaut\u00e9s \u00e9trang\u00e8res<\/strong>\u201d<\/p>\n<p>Ne serait-ce pas du\u00a0<strong>RACISME<\/strong>\u00a0institutionnel?<\/p>\n<h2 style=\"text-align: center;\"><strong>\u201cIMMIGRANT LIVES MATTER\u201d<\/strong><\/h2>\n<hr \/>\n<h4><strong><div data-opinionstage-embed-url=\"https:\/\/www.opinionstage.com\/api\/v1\/polls\/2907726\/code.json?width=\" style=\"display: none; visibility: hidden;\"><\/div><\/strong><\/h4>\n<hr \/>\n<h4><span style=\"color: #ff0000;\"><strong>ETRANGE NOMMINATION DU CHEF DE SERVICE DE CHIRURGIE CARDIAQ<\/strong><\/span><span style=\"color: #ff0000;\"><strong>UE A L&#8217;HOPITAL Henri Mondor apr<em>\u00e8<\/em>s des r\u00e9sultats calamiteux a l&#8217;h\u00f4pital Brabois situ\u00e9 a NANCY<br \/>\n<\/strong><\/span><\/h4>\n<p><strong>NANCY, ACTE I &#8211; REUNION DE CRISE<\/strong><\/p>\n<p><strong>Voici le compte rendu de r\u00e9union du 18 avril 2014 qui d\u00e9crit de mani<em>\u00e8<\/em>re d\u00e9taill\u00e9e les \u00e9tats de service calamiteux du Pr TF a l&#8217;h\u00f4pital Brabois situ\u00e9 a NANCY avant sa nomination en tant que chef de service de chirurgie cardiaque \u00e0 l&#8217;h\u00f4pital Henri Mondor:<\/strong><\/p>\n<p><span style=\"font-weight: 400;\">Le Pr\u00e9sident de la CME, le Pr CL, ouvre la s\u00e9ance \u00e0 9h. La Chirurgie\u00a0 cardiaque est une discipline majeure au CHU de Nancy, avec une forte dimension\u00a0 r\u00e9gionale dans le cadre du p\u00f4le territorial.\u00a0\u00a0<\/span><\/p>\n<p><span style=\"font-weight: 400;\">Le Pr C expose ensuite les difficult\u00e9s croissantes et s\u00e9rieuses\u00a0 rencontr\u00e9es au sein du service de Chirurgie Cardiaque depuis plus de six mois et\u00a0 qui ont n\u00e9cessit\u00e9 l\u2019organisation de la pr\u00e9sente r\u00e9union, dont les objectifs sont de 1.\u00a0 Permettre une expression libre et respectueuse des probl\u00e8mes par chacun des\u00a0 membres de l\u2019\u00e9quipe m\u00e9dicale du service, chirurgiens et anesth\u00e9sistes<\/span><span style=\"font-weight: 400;\">\u00a0<\/span><\/p>\n<p><span style=\"font-weight: 400;\">r\u00e9animateurs ; 2. De voir, au-del\u00e0 de l\u2019expos\u00e9 de la situation, si une m\u00e9thode peut\u00a0 \u00eatre trouv\u00e9e pour reprendre un dialogue et avancer sur un projet commun er partag\u00e9 <\/span><span style=\"font-weight: 400;\">si une m\u00e9thode peut\u00a0 \u00eatre trouv\u00e9e pour reprendre un dialogue et<\/span><\/p>\n<p><span style=\"font-weight: 400;\">Il remercie de leur participation le Directeur g\u00e9n\u00e9ral, Mr BD, et le Doyen, le\u00a0 Pr HC, ainsi que les m\u00e9decins ext\u00e9rieurs au service de chirurgie\u00a0 cardiaque, incluant les repr\u00e9sentants de la Cardiologie, les Prs EA et Ch, ceux de la CME, les Prs JCM, ainsi que le Pr\u00e9sident\u00a0 de la Soci\u00e9t\u00e9 Fran\u00e7aise de Chirurgie cardiaque, le Pr L. Avec le Directeur\u00a0 G\u00e9n\u00e9ral, ils rappellent les enjeux actuels du CHU en termes de r\u00e9organisation\u00a0 interne (blocs, r\u00e9animation et SC, d\u00e9marches qualit\u00e9,\u2026) qui doivent \u00eatre pris en\u00a0 compte.\u00a0\u00a0<\/span><\/p>\n<p><span style=\"font-weight: 400;\">Le Pr L indique que l\u2019activit\u00e9 du service est forte (&gt; 1000\u00a0 interventions\/an). La nomination du Pr TF est intervenue apr\u00e8s la\u00a0 disparition du Pr JPC, mais son insertion semble probl\u00e9matique. Il\u00a0 souhaite une s\u00e9r\u00e9nit\u00e9 parmi les acteurs.\u00a0\u00a0<\/span><\/p>\n<p><span style=\"font-weight: 400;\">Le Pr V fait \u00e9tat de deux d\u00e9marches (courrier lu en s\u00e9ance) : l\u2019une,\u00a0 en date du 20 janvier, \u00e9manant de l\u2019UARC et faisant \u00e9tat d\u2019une <strong>d\u00e9structuration<\/strong> du\u00a0 service avec absence de r\u00e9unions de discussion de dossiers, de RMM, de\u00a0 <strong>l\u2019apparition de complications r\u00e9currentes, de probl\u00e8mes relationnels difficiles avec\u00a0 certaines familles<\/strong> ; l\u2019autre courrier en date du 6 mars, \u00e9manant des chirurgiens,\u00a0 faisant suite \u00e0 une r\u00e9union entre chirurgiens et le Pr TF, r\u00e9union durant\u00a0 laquelle les probl\u00e8mes ont \u00e9t\u00e9 \u00e9voqu\u00e9s et <strong>mettant en avant la difficult\u00e9 du Pr\u00a0 TF \u00e0 diriger le service, avec un d\u00e9ni des difficult\u00e9s \u00e9voqu\u00e9es ci-dessus,\u00a0 d\u00e9bouchant sur une \u00ab situation cristallis\u00e9e \u00bb avec rupture de confiance entre lui et\u00a0 l\u2019\u00e9quipe chirurgicale.<\/strong>\u00a0\u00a0<\/span><\/p>\n<p><span style=\"font-weight: 400;\">Le Pr TF dresse le bilan des actions qu\u2019il a men\u00e9es depuis 18 mois,\u00a0 date de son arriv\u00e9e et prise de chefferie de service : s\u00e9niorisation de la visite du\u00a0 matin par le senior d\u2019astreinte, lutte contre le report d\u2019interventions avec\u00a0 \u00e9tablissement du programme d\u00e8s le mercredi pour la semaine suivante,\u00a0 organisation de staffs m\u00e9dico-chirurgicaux et de nouveaux staffs (TAVI,\u00a0 endocardites), renforcement du lien avec la clinique Pasteur, organisation de\u00a0 nombreux EPU impliquant les chirurgiens du service, r\u00e9organisation des urgences\u00a0 ECMO avec la r\u00e9animation cardiaque (Pr L). Il indique que l&#8217;activit\u00e9\u00a0 chirurgicale a \u00e9t\u00e9 maintenue, et le nombre de proc\u00e9dures TAVI augment\u00e9 de 30%\u00a0 malgr\u00e9 la perte de 2 op\u00e9rateurs, les Dr S et M. Il indique avoir\u00a0 d\u00e9velopp\u00e9e une activit\u00e9 chirurgicale sur son nom propre, avec 194 interventions\u00a0 en 2013. La mortalit\u00e9 des gestes coronariens aurait baiss\u00e9 de 6% \u00e0 3% en 2013. Il\u00a0 exprime son souhait d&#8217;organiser une r\u00e9union de bilan d&#8217;activit\u00e9 avec les\u00a0 r\u00e9animateurs, cardiologues et chirurgiens afin d&#8217;avoir une totale transparence sur\u00a0 la qualit\u00e9 des soins donn\u00e9s \u00e0 nos patients ; une r\u00e9union avait \u00e9t\u00e9 fix\u00e9e mais a \u00e9t\u00e9\u00a0 annul\u00e9e.\u00a0\u00a0<\/span><\/p>\n<p><strong>Le Pr A exprime les inqui\u00e9tudes de la communaut\u00e9 cardiologique qui\u00a0 travaille en lien \u00e9troit avec la chirurgie cardiaque ; cette crise met en p\u00e9ril toute la\u00a0 fili\u00e8re cardiovasculaire au CHU. Il constate des dysfonctionnements dans le\u00a0 fonctionnement de l\u2019\u00e9quipe chirurgicale, et un divorce entre l\u2019\u00e9quipe et son chef dec\u00a0 service, le Pr TF. Il exprime le souhait d\u2019une solution rapide.\u00a0\u00a0<\/strong><\/p>\n<p><span style=\"font-weight: 400;\">Le Pr D souhaite retrouver une ambiance de travail apais\u00e9e,\u00a0 apr\u00e8s un assainissement de la situation.\u00a0\u00a0<\/span><\/p>\n<p><span style=\"font-weight: 400;\">Le Dr E dit qu\u2019il a beaucoup esp\u00e9r\u00e9 de l\u2019arriv\u00e9e du Pr TF, qu\u2019il\u00a0 l\u2019appr\u00e9cie en tant que personne, <strong>mais qu\u2019il est d\u00e9\u00e7u de l\u2019absence de travail en\u00a0 \u00e9quipe, d\u2019une communication isol\u00e9e, d\u2019un comportement individualiste, de\u00a0 l\u2019absence de direction claire \u00e0 la t\u00eate du service, r\u00e9sultant en une perte grave de\u00a0 confiance.\u00a0\u00a0<\/strong><\/span><\/p>\n<p><span style=\"font-weight: 400;\">Le Dr V fait \u00e9tat des <\/span><span style=\"font-weight: 400;\">l<\/span><span style=\"font-weight: 400;\">iens personnels qu\u2019il a avec le Pr TF,\u00a0 mais <strong>confirme la perte de confiance g\u00e9n\u00e9rale, y compris des non m\u00e9decins,\u00a0<\/strong><\/span><span style=\"font-weight: 400;\"><strong>comme les perfusionnistes<\/strong>. Il tient lui-m\u00eame \u00e0 d\u00e9velopper la recherche et son\u00a0 projet professionnel dans une ambiance apais\u00e9e retrouv\u00e9e.\u00a0\u00a0<\/span><\/p>\n<p><span style=\"font-weight: 400;\">Le Dr G dit qu\u2019une harmonie entre chirurgiens est n\u00e9cessaire,\u00a0 comme une culture de solidarit\u00e9 entre chirurgiens et anesth\u00e9sistes. Cette r\u00e9union\u00a0 est lib\u00e9ratrice. Il n\u2019y a pas de complot du Pr V \u00e0 l\u2019encontre du Pr TF\u00a0 mais plut\u00f4t de la bienveillance protectrice durant la p\u00e9riode pass\u00e9e.<strong> Il souligne les\u00a0 probl\u00e8mes de qualit\u00e9 de soins, de s\u00e9curit\u00e9 notamment dans le cadre de l\u2019urgence,\u00a0 d\u2019information donn\u00e9e aux patients et \u00e0 leur famille avec une tendance \u00e0 masquer\u00a0 la r\u00e9alit\u00e9, d\u2019une attitude personnelle parfois un peu m\u00e9prisante de la part du Pr\u00a0 TF<\/strong>. Il prend en exemple <strong>cinq cas avec des complications inhabituelles<\/strong>. Il\u00a0 s\u2019estime d\u00e9\u00e7u par les projets en chirurgie sous vid\u00e9o, robotis\u00e9e annonc\u00e9s par le Pr\u00a0 TF \u00e0 son arriv\u00e9e \u00e0 Nancy et non tenus. Ce dernier a une bonne\u00a0 communication externe, mais m\u00e9diocre au sein de l\u2019\u00e9quipe.\u00a0\u00a0<\/span><\/p>\n<p><span style=\"font-weight: 400;\">Le Dr C regrette qu\u2019il n\u2019y ait eu qu\u2019une RMM organis\u00e9e en 2013 et\u00a0 une au d\u00e9but de 2014. L\u2019information donn\u00e9e par le Pr TF aux familles lui\u00a0 semble parfois \u00e9loign\u00e9e de la r\u00e9alit\u00e9. <strong>Il expose le probl\u00e8me li\u00e9 \u00e0 la prise en charge\u00a0 des urgences de chirurgie cardiaque par le Pr TF, avec notoirement un\u00a0 sentiment d\u2019ins\u00e9curit\u00e9 et pose la question d\u2019un \u00e9ventuel droit de retrait<\/strong>. Enfin, il\u00a0 s\u2019interroge sur le devenir de l\u2019UARC, le transfert d\u2019activit\u00e9 vers d\u2019autres\u00a0 r\u00e9animations, et confirme <strong>la perte de confiance vis-\u00e0-vis du chef de service<\/strong> en\u00a0 particulier au regard des prises de position de celui-ci vis-\u00e0-vis de l\u2019UARC.\u00a0\u00a0<\/span><\/p>\n<p><span style=\"font-weight: 400;\"><strong>Le Dr H exprime que ce sont les m\u00e9decins anesth\u00e9sistes qui parfois\u00a0 apprennent au Pr TF notamment dans les \u00ab situations d\u2019urgence \u00bb, alors\u00a0 qu\u2019elle attendait plut\u00f4t l\u2019inverse\u00a0<\/strong>\u00a0<\/span><\/p>\n<p><span style=\"font-weight: 400;\"><strong>Le Docteur H estime que les anesth\u00e9sistes-r\u00e9animateurs ne peuvent\u00a0 plus couvrir les complications inhabituelles et les informations d\u00e9cal\u00e9es donn\u00e9es aux familles.<\/strong>\u00a0\u00a0<\/span><\/p>\n<p><span style=\"font-weight: 400;\"><strong>Le Doyen C, note le d\u00e9faut de qualit\u00e9 manag\u00e9riale, et pointe les\u00a0 aspects m\u00e9dico-l\u00e9gaux en cas de prise en charge inappropri\u00e9e et d\u2019informations\u00a0 inexactes.<\/strong>\u00a0\u00a0<\/span><\/p>\n<p><span style=\"font-weight: 400;\">Le Pr TF r\u00e9pond en notant qu\u2019il n\u2019a pas entendu d\u2019\u00e9l\u00e9ment positifs \u00e0\u00a0 son encontre dans les diff\u00e9rentes prises de parole. Il accepte les critiques, et\u00a0 exprime ses regrets de n\u2019avoir pu concr\u00e9tiser ses espoirs, \u00e0 savoir cr\u00e9er une\u00a0 \u00e9quipe. Il maintient la n\u00e9cessit\u00e9 d\u2019un lien de l\u2019UARC avec le d\u00e9partement\u00a0 d\u2019anesth\u00e9sie r\u00e9animation, et indique que la couverture m\u00e9dicale des lits de soins\u00a0 continus lui semble insuffisante.<strong> Il indique que le niveau de complications\u00a0 op\u00e9ratoires doit \u00eatre chiffr\u00e9 et qu\u2019une enqu\u00eate soit r\u00e9alis\u00e9e dans le service afin\u00a0 d&#8217;\u00e9valuer les pratiques de chirurgiens et des r\u00e9animateurs.<\/strong> Les donn\u00e9es sont dans\u00a0 DIAMM et accessibles pour tous et peuvent \u00eatre compar\u00e9s \u00e0 la moyenne du\u00a0 service ; il existe des indicateurs faciles \u00e0 v\u00e9rifier qui sont la mortalit\u00e9 enregistr\u00e9es\u00a0 par EPICARD, le taux de saignement et de reprises au bloc op\u00e9ratoire. Il estime que ses propres taux de mortalit\u00e9 et de complications ne sont pas sup\u00e9rieurs \u00e0\u00a0 ceux de ses coll\u00e8gues.\u00a0\u00a0<\/span><\/p>\n<p><span style=\"font-weight: 400;\"><strong>Le Pr A exprime \u00e0 nouveau son inqui\u00e9tude face \u00e0 ce tour de table qu\u2019il\u00a0 trouve inqui\u00e9tant. Il constate \u00e0 quel point il existe un divorce entre l\u2019\u00e9quipe et le\u00a0 chef de service, dont il met en parall\u00e8le la qualit\u00e9 de la communication externe en\u00a0 regard du d\u00e9faut de communication interne.<\/strong>\u00a0\u00a0<\/span><\/p>\n<p><span style=\"font-weight: 400;\">Le Pr L indique, qu\u2019au-del\u00e0 des propos graves parfois d\u00e9stabilisants,\u00a0 il est temps de rebondir et de renter dans une r\u00e9flexion constructive, en utilisant\u00a0 les facettes positives de chacun. Il insiste sur la sp\u00e9cificit\u00e9 de l\u2019exercice de\u00a0 l\u2019anesth\u00e9sie r\u00e9animation en chirurgie cardiaque.\u00a0<\/span><\/p>\n<p><span style=\"font-weight: 400;\"><strong>Le Pr V indique que cette situation d\u2019\u00e9chec appara\u00eet comme la\u00a0 sienne, et qu\u2019il a peut-\u00eatre trop tard\u00e9 \u00e0 agir face aux multiples alertes survenues\u00a0 durant 18 mois et ce malgr\u00e9 plusieurs rencontres avec le Pr TF pour\u00a0 analyser et d\u00e9samorcer les probl\u00e8mes. La situation commen\u00e7ant \u00e0 \u00eatre connue \u00e0\u00a0 l\u2019ext\u00e9rieur de l\u2019\u00e9tablissement, il lui appara\u00eet n\u00e9cessaire de la corriger en\u00a0 repr\u00e9cisant les missions confi\u00e9es au Pr TF \u00e0 qui il attribue \u00ab des paroles\u00a0 sans les actes \u00bb.<\/strong> Il confirme que l\u2019\u2019innovation et l\u2019attractivit\u00e9 doivent rester des\u00a0 objectifs prioritaires en CHU et n\u00e9cessitent des d\u00e9cisions fortes.\u00a0\u00a0<\/span><\/p>\n<p><span style=\"font-weight: 400;\"><strong>Le Pr M exprime une impression globale de r\u00e9quisitoire \u00e0 charge,<\/strong>\u00a0 mais rappelle que ce qui est excessif peut parfois devenir insignifiant. Chacun doit\u00a0 analyser les causes des difficult\u00e9s, et balayer devant sa porte.\u00a0\u00a0<\/span><\/p>\n<p><span style=\"font-weight: 400;\">Le Pr K note l\u2019\u00e9vidence de la <strong>perte de confiance<\/strong>, et pointe la\u00a0 n\u00e9cessit\u00e9 de faire le tri entre l\u2019essentiel et l\u2019accessoire dans la future\u00a0 r\u00e9organisation \u00e0 mettre en place rapidement.\u00a0\u00a0<\/span><\/p>\n<p><span style=\"font-weight: 400;\">Le Directeur G\u00e9n\u00e9ral souligne que \u00ab se dire les choses \u00bb est une premi\u00e8re\u00a0 \u00e9tape importante ; il note la force de l\u2019\u00e9quipe, soud\u00e9e et solidaire dans ce moment\u00a0 difficile, <strong>exprimant un avis unanime \u00e0 l\u2019encontre du chef actuel<\/strong>. Il insiste sur les\u00a0 enjeux de l\u2019\u00e9tablissement, y compris dans la communaut\u00e9 CHU-CHR, et le besoin\u00a0 d\u2019un projet partag\u00e9 \u00e0 r\u00e9aliser dans les meilleurs d\u00e9lais.\u00a0\u00a0<\/span><\/p>\n<p><span style=\"font-weight: 400;\">Le Pr\u00e9sident de la CME conclut en remerciant les participants de leur franchise et de la mesure de leur propos dans cet \u00e9change qui \u00e9tait indispensable.\u00a0 <strong>Il note principalement la rupture de confiance entre l\u2019\u00e9quipe m\u00e9dicale et\u00a0 son chef de service, le Pr TF<\/strong>, ce qui am\u00e8ne logiquement \u00e0 reposer la\u00a0 question du projet et de la gouvernance du service et du p\u00f4le territorial.<\/span><span style=\"font-weight: 400;\">. <\/span><span style=\"font-weight: 400;\">Il note\u00a0 aussi la volont\u00e9 de r\u00e9soudre au mieux la phase actuelle, en initiant une r\u00e9flexion\u00a0 constructive, utilisant les facettes positives de chacun comme l\u2019a sugg\u00e9r\u00e9 le Pr\u00a0 L. A ce titre, il fait \u00e9tat de lettres de soutien exprim\u00e9es au Pr TF,\u00a0 notamment celle du Dr B, faisant \u00e9tat d&#8217;une bonne collaboration avec les\u00a0 cardiologues lib\u00e9raux de l\u2019agglom\u00e9ration.\u00a0\u00a0<\/span><\/p>\n<p><span style=\"font-weight: 400;\">Il propose qu\u2019un groupe de travail comprenant le Pr JPV et le Pr TF, une des trois Praticiens hospitaliers chirurgiens, le Dr MC\u00a0 responsable de l\u2019UARC se r\u00e9unisse sous la coordination du Pr EA et, ; il devra\u00a0 r\u00e9diger dans le mois \u00e0 venir un projet pour la chirurgie cardiaque nanc\u00e9ienne et\u00a0 lorraine pour les 5 ans \u00e0 venir, avec un volet soins et un volet universitaire. Ce\u00a0 projet sera pr\u00e9sent\u00e9 \u00e0 nouveau devant la Direction g\u00e9n\u00e9rale et le PCME, en\u00a0 pr\u00e9sence des praticiens associ\u00e9s \u00e0 la r\u00e9union de ce jour.\u00a0\u00a0<\/span><\/p>\n<p><span style=\"font-weight: 400;\">La r\u00e9union est close \u00e0 12h30.\u00a0<\/span><\/p>\n<p><span style=\"font-weight: 400;\">Pr MC, Pt de la CME<\/span><\/p>\n<p><strong>NANCY, ACTE II &#8211; DESTITUTION DU CHEF DE SERVICE<\/strong><\/p>\n<p><span style=\"font-weight: 400;\">Le Pr MC ouvre la r\u00e9union en rappelant les principales conclusions de la r\u00e9union du 18 avril. Il indique avoir \u00e9t\u00e9\u00a0 r\u00e9guli\u00e8rement inform\u00e9 des r\u00e9unions organis\u00e9es par le Pr A, qu\u2019il remercie de son action. Cependant, les travaux du\u00a0 groupe semblent stagner, et n\u00e9cessitent quelques clarifications, qui ont \u00e9t\u00e9 facilit\u00e9es par de multiples contacts les jours\u00a0 pr\u00e9c\u00e9dents.\u00a0\u00a0<\/span><\/p>\n<p><span style=\"font-weight: 400;\">En accord avec le Directeur G\u00e9n\u00e9ral, il d\u00e9taille les points suivants, qui font l\u2019objet d\u2019un accord des diff\u00e9rents participants\u00a0 pr\u00e9sents:\u00a0\u00a0<\/span><\/p>\n<p><span style=\"font-weight: 400;\">&#8211; <strong>Le Pr TF n\u2019appara\u00eet pas sur les listes d\u2019astreintes du service de chirurgie cardiaque pendant quelques\u00a0 semaines, lui laissant le temps de r\u00e9aliser une formation compl\u00e9mentaire pour certaines pathologies d\u2019urgences\u00a0<\/strong> (ex : dissections) ; cette formation sera d\u00e9finie en accord avec le Pr L, qui a confirm\u00e9 par mail sa\u00a0 disponibilit\u00e9 ; suggestion est faite au Pr TF par le Pr V de venir aussi s\u2019associer personnellement \u00e0 la\u00a0 prise en charge des urgences sur le CHU. Le Pr TF continue \u00e0 assumer la prise en charge des patients qui\u00a0 lui sont personnellement confi\u00e9s.<\/span><\/p>\n<p><span style=\"font-weight: 400;\">&#8211; Il y a urgence de b\u00e2tir un projet m\u00e9dical synth\u00e9tique (3-5 pages) pour la chirurgie cardiaque nanc\u00e9ienne et lorraine\u00a0 pour les 5 ans \u00e0 venir, comme d\u00e9j\u00e0 act\u00e9 le 18 avril ; ce projet doit lister les domaines essentiels d\u2019activit\u00e9 en soins,\u00a0 enseignement et recherche qui doivent \u00eatre assum\u00e9s, ainsi que la prospective en ressources humaines\u00a0 n\u00e9cessaires, m\u00e9dicales notamment. C\u2019est sur ce projet que seront d\u00e9finies les diff\u00e9rentes responsabilit\u00e9s. La\u00a0 r\u00e9vision en cours des contours des p\u00f4les semble une opportunit\u00e9, et le projet est donc attendu pour d\u00e9but juin. Le\u00a0 retour prochain du Dr PM permettra de l\u2019associer pleinement \u00e0 cette perspective et de lui confier des\u00a0 responsabilit\u00e9s. Une r\u00e9union sera donc organis\u00e9e d\u00e8s que le projet sera pr\u00eat \u00e0 \u00eatre pr\u00e9sent\u00e9.\u00a0\u00a0<\/span><\/p>\n<p><span style=\"font-weight: 400;\"><strong>&#8211; Le Pr TF accepte, dans ce cadre et ce calendrier, de remettre sa chefferie de service mais en conservant\u00a0 une r\u00e9elle visibilit\u00e9 dans la future organisation, comme PU-PH reconnu.<\/strong>\u00a0\u00a0<\/span><\/p>\n<p><span style=\"font-weight: 400;\">&#8211; Le Pr V reste chef du p\u00f4le territorial jusqu\u2019au 31 aout 2014 ; il sera propos\u00e9 au-del\u00e0 de cette date de r\u00e9tablir\u00a0 un p\u00f4le m\u00e9dico-chirurgical des maladies cardio-vasculaires, dont le Pr A pourrait prendre la t\u00eate du 1<\/span><span style=\"font-weight: 400;\">er<\/span> <span style=\"font-weight: 400;\">septembre au 31 ao\u00fbt 2015.\u00a0\u00a0<\/span><\/p>\n<p><span style=\"font-weight: 400;\">&#8211; Le Pr V restera pr\u00e9sent au service de chirurgie cardiaque, comme chirurgien r\u00e9f\u00e9rent, selon un statut et un\u00a0 calendrier \u00e0 d\u00e9finir avec la Direction des Affaires M\u00e9dicales,\u00a0\u00a0<\/span><\/p>\n<p><span style=\"font-weight: 400;\">&#8211; Le Pr A accepte de poursuivre son r\u00f4le de coordination de la r\u00e9flexion sur le projet m\u00e9dical de chirurgie\u00a0 cardiaque.<\/span><\/p>\n<p><span style=\"font-weight: 400;\">Pr MC\u00a0\u00a0<\/span><\/p>\n<p><span style=\"font-weight: 400;\">Pt de la CME<\/span><\/p>\n<hr \/>\n<div data-opinionstage-embed-url=\"https:\/\/www.opinionstage.com\/api\/v1\/polls\/2907642\/code.json?width=\" style=\"display: none; visibility: hidden;\"><\/div>\n<div data-opinionstage-embed-url=\"https:\/\/www.opinionstage.com\/api\/v1\/polls\/2907639\/code.json?width=\" style=\"display: none; visibility: hidden;\"><\/div>\n<hr \/>\n<h4><span style=\"color: #ff0000;\"><strong>RESULTATS CATASTROPHIQUES A L&#8217;HOPITAL HENRI MONDOR<\/strong><\/span><span style=\"color: #ff0000;\"><strong>&#8211; ARTICLE DE PRESSE A LIRE ABSOLUTMENT<\/strong><\/span><\/h4>\n<p>Apres ces brillants \u00e9tats de service a l&#8217;h\u00f4pital de NANCY, LE Pr TF est nomm\u00e9 chef de service de chirurgie cardiaque a l&#8217;h\u00f4pital Henri Mondor. Voici des extraits d&#8217;un article de presse \u00e9crit par la journaliste d&#8217;investigation Norah Sarah qui d\u00e9crit la situation a l&#8217;h\u00f4pital Henri Mondor:<\/p>\n<p><span style=\"font-weight: 400;\">Le service de <\/span><span style=\"font-weight: 400;\">chirurgie thoracique <\/span><span style=\"font-weight: 400;\">et <\/span><span style=\"font-weight: 400;\">cardio<\/span><span style=\"font-weight: 400;\">&#8211;<\/span><span style=\"font-weight: 400;\">vasculaire de l&#8217;h\u00f4pital Henri Mondor<\/span><span style=\"font-weight: 400;\">, <\/span><span style=\"font-weight: 400;\">affiche <\/span><span style=\"font-weight: 400;\">un bien triste <\/span><span style=\"font-weight: 400;\">palmar\u00e8s. La mortalit\u00e9 <\/span><span style=\"font-weight: 400;\">op\u00e9ratoire y <\/span><span style=\"font-weight: 400;\">est <\/span><strong>5,5 fois sup\u00e9rieure <\/strong><span style=\"font-weight: 400;\">\u00e0 la <\/span><span style=\"font-weight: 400;\">moyenne nationale pour <\/span><span style=\"font-weight: 400;\">les <\/span><span style=\"font-weight: 400;\">op\u00e9rations de remplacement <\/span><span style=\"font-weight: 400;\">valvulaire aortique <\/span><span style=\"font-weight: 400;\">et <\/span><strong>trois fois <\/strong><span style=\"font-weight: 400;\"><strong>sup\u00e9rieure<\/strong> pour les <\/span><span style=\"font-weight: 400;\">op\u00e9rations de pon<\/span><span style=\"font-weight: 400;\">tages coronaires<\/span><span style=\"font-weight: 400;\">. <\/span><span style=\"font-weight: 400;\">La mortalit\u00e9 op\u00e9ratoire <\/span><span style=\"font-weight: 400;\">globale de 13% <\/span><span style=\"font-weight: 400;\">en <\/span><span style=\"font-weight: 400;\">fait quasiment le <strong>pire service<\/strong> de France<\/span><span style=\"font-weight: 400;\">, <\/span><span style=\"font-weight: 400;\">class\u00e9 <\/span><span style=\"font-weight: 400;\">37 sur <\/span><span style=\"font-weight: 400;\">38 lors <\/span><span style=\"font-weight: 400;\">du dernier <\/span><span style=\"font-weight: 400;\">classement natio<\/span><span style=\"font-weight: 400;\">nal du <\/span><span style=\"font-weight: 400;\">magazine <\/span><strong><i>Le <\/i><i>Point <\/i><\/strong><span style=\"font-weight: 400;\">des <\/span><span style=\"font-weight: 400;\">h\u00f4pitaux pratiquant <\/span><span style=\"font-weight: 400;\">la chirurgie <\/span><span style=\"font-weight: 400;\">cardiaque.\u00a0<\/span><\/p>\n<p><strong>Ces chiffres proviennent de la base de donn\u00e9es Epicard qui recense, au sein de la plupart des h\u00f4pitaux de France, les informations concernant les patients pris en charge et les gestes effectu\u00e9s. \u00c0 l&#8217;h\u00f4pital Henri Mondor en 2020, ils sont catastrophiques. Suffisamment pour que plusieurs soignants alertent les pouvoirs publics et s&#8217;\u00e9tonnent que l&#8217;AP-HP (Assistance publique H\u00f4pitaux de Paris), l&#8217;ARS (Agence r\u00e9gionale de sant\u00e9) et le minist\u00e8re de la Sant\u00e9 n&#8217;aient pas pris de mesures pour endiguer cette surmortalit\u00e9 suspecte.<\/strong><\/p>\n<p><span style=\"font-weight: 400;\">Pour mieux comprendre <\/span><span style=\"font-weight: 400;\">cette <\/span><span style=\"font-weight: 400;\">situation<\/span><span style=\"font-weight: 400;\">, <\/span><span style=\"font-weight: 400;\">nous <\/span><span style=\"font-weight: 400;\">avons <\/span><span style=\"font-weight: 400;\">interrog\u00e9 plusieurs <\/span><span style=\"font-weight: 400;\">praticiens <\/span><span style=\"font-weight: 400;\">de <\/span><span style=\"font-weight: 400;\">l&#8217;h\u00f4pital Henri Mondor<\/span> <span style=\"font-weight: 400;\">&#8211; <\/span><span style=\"font-weight: 400;\">chirurgiens<\/span><span style=\"font-weight: 400;\">, <\/span><span style=\"font-weight: 400;\">infirmiers <\/span><span style=\"font-weight: 400;\">et autres <\/span><span style=\"font-weight: 400;\">&#8211; <\/span><span style=\"font-weight: 400;\">et des <\/span><span style=\"font-weight: 400;\">personnels de l&#8217;h\u00f4pital <\/span><span style=\"font-weight: 400;\">Brabois <\/span><span style=\"font-weight: 400;\">\u00e0 <\/span><span style=\"font-weight: 400;\">Nancy. Nous <\/span><span style=\"font-weight: 400;\">avons <\/span><span style=\"font-weight: 400;\">\u00e9galement consult\u00e9 <\/span><span style=\"font-weight: 400;\">un <\/span><span style=\"font-weight: 400;\">nombre <\/span><span style=\"font-weight: 400;\">important de documents officiels <\/span><span style=\"font-weight: 400;\">et <\/span><span style=\"font-weight: 400;\">tent\u00e9 de <\/span><span style=\"font-weight: 400;\">remonter <\/span><span style=\"font-weight: 400;\">le fil des responsabilit\u00e9s <\/span><span style=\"font-weight: 400;\">hi\u00e9rarchiques<\/span><span style=\"font-weight: 400;\">. <\/span><strong>Ces \u00e9l\u00e9ments \u00e9clairent la face cach\u00e9e d&#8217;une situation dramatique dans laquelle les patients et leurs familles, qui ne se savent pas toujours victimes, ont parfois pay\u00e9 le prix le plus \u00e9lev\u00e9<\/strong><span style=\"font-weight: 400;\">. <\/span><span style=\"font-weight: 400;\">\u00ab <\/span><strong>Cinq patients ont \u00e9t\u00e9 transplant\u00e9s. Les cinq sont d\u00e9c\u00e9d\u00e9s \u00bb, <\/strong><span style=\"font-weight: 400;\">sur une p\u00e9riode de quelques mois <\/span><span style=\"font-weight: 400;\">en 2019. Voil\u00e0 <\/span><span style=\"font-weight: 400;\">ce qui ressort d&#8217;un <\/span><span style=\"font-weight: 400;\">rapport de <\/span><span style=\"font-weight: 400;\">la mission d&#8217;\u00e9valuation des <\/span><span style=\"font-weight: 400;\">dossiers <\/span><span style=\"font-weight: 400;\">&lt;&lt; <\/span><span style=\"font-weight: 400;\">patients anonymis\u00e9s \u00bb<\/span><span style=\"font-weight: 400;\">, <\/span><span style=\"font-weight: 400;\">men\u00e9e \u00e0 <\/span><span style=\"font-weight: 400;\">la <\/span><span style=\"font-weight: 400;\">demande <\/span><span style=\"font-weight: 400;\">de l&#8217;AP<\/span><span style=\"font-weight: 400;\">&#8211;<\/span><span style=\"font-weight: 400;\">HP <\/span><span style=\"font-weight: 400;\">fin <\/span><span style=\"font-weight: 400;\">2020 sous l&#8217;\u00e9gide de <\/span><span style=\"font-weight: 400;\">la Soci\u00e9t\u00e9 <\/span><span style=\"font-weight: 400;\">Fran\u00e7aise de Chirurgie <\/span><span style=\"font-weight: 400;\">Thoracique et <\/span><span style=\"font-weight: 400;\">Cardio- <\/span><span style=\"font-weight: 400;\">Vasculaire (SFCTCV) <\/span><span style=\"font-weight: 400;\">avec <\/span><span style=\"font-weight: 400;\">la participation du Conseil <\/span><span style=\"font-weight: 400;\">National <\/span><span style=\"font-weight: 400;\">des <\/span><span style=\"font-weight: 400;\">Universit\u00e9s <\/span><span style=\"font-weight: 400;\">(CNU)<\/span><span style=\"font-weight: 400;\">, <\/span><span style=\"font-weight: 400;\">et <\/span><span style=\"font-weight: 400;\">remis <\/span><span style=\"font-weight: 400;\">le 15 novembre <\/span><span style=\"font-weight: 400;\">2020 \u00e0 la gouvernance de <\/span><span style=\"font-weight: 400;\">l&#8217;h\u00f4pital Henri Mondor<\/span><span style=\"font-weight: 400;\"> et de <\/span><span style=\"font-weight: 400;\">l&#8217;AP<\/span><span style=\"font-weight: 400;\">&#8211;<\/span><span style=\"font-weight: 400;\">HP<\/span><span style=\"font-weight: 400;\">. <\/span><span style=\"font-weight: 400;\">Ce document<\/span><span style=\"font-weight: 400;\">, <\/span><span style=\"font-weight: 400;\">que <\/span><span style=\"font-weight: 400;\">nous <\/span><span style=\"font-weight: 400;\">avons <\/span><span style=\"font-weight: 400;\">pu <\/span><span style=\"font-weight: 400;\">nous procurer <\/span><span style=\"font-weight: 400;\">dans son int\u00e9gralit\u00e9<\/span><b>, <\/b><span style=\"font-weight: 400;\">a <\/span><span style=\"font-weight: 400;\">\u00e9t\u00e9 <\/span><span style=\"font-weight: 400;\">r\u00e9dig\u00e9 <\/span><span style=\"font-weight: 400;\">par trois professeurs de la <\/span><span style=\"font-weight: 400;\">SFCTCV<\/span><span style=\"font-weight: 400;\">, <\/span><span style=\"font-weight: 400;\">dont son <\/span><span style=\"font-weight: 400;\">pr\u00e9sident<\/span><span style=\"font-weight: 400;\">, <\/span><span style=\"font-weight: 400;\">Jean<\/span><span style=\"font-weight: 400;\">&#8211;<\/span><span style=\"font-weight: 400;\">Philippe Verhoye<\/span><span style=\"font-weight: 400;\">, <\/span><span style=\"font-weight: 400;\">et <\/span><b>&#8230;<\/b><\/p>\n<p><span style=\"font-weight: 400;\">concerne les <\/span><span style=\"font-weight: 400;\">patients <\/span><span style=\"font-weight: 400;\">op\u00e9r\u00e9s durant l&#8217;ann\u00e9e <\/span><span style=\"font-weight: 400;\">2019<\/span><span style=\"font-weight: 400;\">. <\/span><span style=\"font-weight: 400;\">Les constats <\/span><span style=\"font-weight: 400;\">\u00e9tablis <\/span><span style=\"font-weight: 400;\">sont inqui\u00e9tants<\/span><span style=\"font-weight: 400;\">, <\/span><span style=\"font-weight: 400;\">les conclu- <\/span><span style=\"font-weight: 400;\">sions d\u00e9routantes<\/span><span style=\"font-weight: 400;\">.\u00a0<\/span><\/p>\n<p><b><span style=\"font-weight: 400;\">Oui<\/span><span style=\"font-weight: 400;\">, <\/span><span style=\"font-weight: 400;\">il y a <\/span><span style=\"font-weight: 400;\">une <\/span>\u00ab <span style=\"font-weight: 400;\">surmortalit\u00e9 <\/span><span style=\"font-weight: 400;\">observ\u00e9e <\/span><span style=\"font-weight: 400;\">\u00bb<\/span><span style=\"font-weight: 400;\">. <\/span><span style=\"font-weight: 400;\">D&#8217;ailleurs<\/span><span style=\"font-weight: 400;\">, <\/span><span style=\"font-weight: 400;\">\u00e9crivent <\/span><span style=\"font-weight: 400;\">les <\/span><span style=\"font-weight: 400;\">rapporteurs, &lt;&lt; \u00e0 <\/span><span style=\"font-weight: 400;\">l&#8217;issue de ces r\u00e9sultats<\/span><span style=\"font-weight: 400;\">, <\/span><span style=\"font-weight: 400;\">l&#8217;activit\u00e9 de transplantation a \u00e9t\u00e9 <\/span><span style=\"font-weight: 400;\">suspendue, mais l&#8217;autorisation <\/span><span style=\"font-weight: 400;\">r\u00e9accord\u00e9e <\/span><span style=\"font-weight: 400;\">en juin <\/span><span style=\"font-weight: 400;\">2020 \u00bb<\/span><span style=\"font-weight: 400;\">. Le rapport <\/span><span style=\"font-weight: 400;\">va plus loin : \u00ab Il a <\/span><span style=\"font-weight: 400;\">\u00e9t\u00e9 <\/span><span style=\"font-weight: 400;\">retrouv\u00e9 un <\/span><span style=\"font-weight: 400;\">nombre important <\/span><span style=\"font-weight: 400;\">de d\u00e9faillances <\/span><span style=\"font-weight: 400;\">cardiaques <\/span><span style=\"font-weight: 400;\">post<\/span><span style=\"font-weight: 400;\">&#8211;<\/span><span style=\"font-weight: 400;\">op\u00e9ratoire<\/span><span style=\"font-weight: 400;\">, <\/span><span style=\"font-weight: 400;\">faisant s&#8217;interroger <\/span><span style=\"font-weight: 400;\">sur <\/span>les <span style=\"font-weight: 400;\">modes <\/span><span style=\"font-weight: 400;\">de <\/span><span style=\"font-weight: 400;\">protection <\/span><span style=\"font-weight: 400;\">myocardique<\/span><span style=\"font-weight: 400;\">. <\/span><span style=\"font-weight: 400;\">\u00bb Plus encore<\/span><span style=\"font-weight: 400;\">, <\/span><span style=\"font-weight: 400;\">\u00ab l&#8217;ac<\/span><span style=\"font-weight: 400;\">tivit\u00e9 <\/span><span style=\"font-weight: 400;\">de <\/span><span style=\"font-weight: 400;\">transplantation doit <\/span><span style=\"font-weight: 400;\">\u00eatre <\/span><span style=\"font-weight: 400;\">totalement repens\u00e9e<\/span>. <span style=\"font-weight: 400;\">[&#8230;] <\/span><span style=\"font-weight: 400;\">Cette activit\u00e9 <\/span><span style=\"font-weight: 400;\">ne <\/span><span style=\"font-weight: 400;\">peut <\/span><span style=\"font-weight: 400;\">\u00eatre reprise <\/span><span style=\"font-weight: 400;\">dans les conditions actuelles : elle doit \u00eatre <\/span><span style=\"font-weight: 400;\">rapi- <\/span><span style=\"font-weight: 400;\">dement reconsid\u00e9r\u00e9e avec l&#8217;agence de la biom\u00e9decine <\/span>et <span style=\"font-weight: 400;\">la <\/span><span style=\"font-weight: 400;\">strat\u00e9gie <\/span><span style=\"font-weight: 400;\">de transplantation cardiaque <\/span><span style=\"font-weight: 400;\">de l&#8217;AP<\/span><span style=\"font-weight: 400;\">&#8211;<\/span><span style=\"font-weight: 400;\">HP \u00bb. Quelques mois plus <\/span><span style=\"font-weight: 400;\">tard<\/span><span style=\"font-weight: 400;\">, <\/span><span style=\"font-weight: 400;\">l&#8217;activit\u00e9 de <\/span><span style=\"font-weight: 400;\">transplantation <\/span><span style=\"font-weight: 400;\">cardiaque <\/span><span style=\"font-weight: 400;\">a \u00e9t\u00e9 transf\u00e9r\u00e9e de l&#8217;h\u00f4pital Henri Mondor<\/span> <span style=\"font-weight: 400;\">\u00e0 la <\/span><span style=\"font-weight: 400;\">Piti\u00e9 <\/span><span style=\"font-weight: 400;\">Salp\u00eatri\u00e8re<\/span><span style=\"font-weight: 400;\">. <\/span><\/b><\/p>\n<p><span style=\"font-weight: 400;\">Depuis <\/span><span style=\"font-weight: 400;\">son arriv\u00e9e \u00e0 la t\u00eate <\/span><span style=\"font-weight: 400;\">du service, le <\/span><span style=\"font-weight: 400;\">professeur <\/span><span style=\"font-weight: 400;\">a fait l&#8217;objet <\/span><span style=\"font-weight: 400;\">de <\/span><span style=\"font-weight: 400;\">plusieurs <strong>signalements<\/strong> <\/span><span style=\"font-weight: 400;\">\u00e9manant de certains de <\/span><span style=\"font-weight: 400;\">ses coll\u00e8gues <\/span><span style=\"font-weight: 400;\">chirurgiens, <\/span><span style=\"font-weight: 400;\">qui ont <\/span><span style=\"font-weight: 400;\">alert\u00e9 la <\/span><span style=\"font-weight: 400;\">direction de <\/span><span style=\"font-weight: 400;\">l&#8217;h\u00f4pital <\/span><span style=\"font-weight: 400;\">d&#8217;abord, puis celle de l&#8217;AP<\/span><span style=\"font-weight: 400;\">&#8211;<\/span><span style=\"font-weight: 400;\">HP<\/span><span style=\"font-weight: 400;\">. Dans des <\/span><span style=\"font-weight: 400;\">documents <\/span><span style=\"font-weight: 400;\">\u00e9crits<\/span><span style=\"font-weight: 400;\">, <\/span><span style=\"font-weight: 400;\">que nous <\/span><span style=\"font-weight: 400;\">avons pu consulter, sont mentionn\u00e9es <\/span><span style=\"font-weight: 400;\">des <\/span><span style=\"font-weight: 400;\">complications <\/span><span style=\"font-weight: 400;\">graves ayant <\/span><strong>entra\u00een\u00e9 le d\u00e9c\u00e8s <\/strong><span style=\"font-weight: 400;\"><strong>de patient<\/strong>s<\/span><span style=\"font-weight: 400;\">. <\/span><span style=\"font-weight: 400;\">Sollicit\u00e9 <\/span><span style=\"font-weight: 400;\">par <\/span><span style=\"font-weight: 400;\">mail<\/span><span style=\"font-weight: 400;\">, TF <\/span><span style=\"font-weight: 400;\">parle <\/span><span style=\"font-weight: 400;\">d&#8217;une <b>\u00ab <\/b><\/span><span style=\"font-weight: 400;\">campagne <\/span><span style=\"font-weight: 400;\">de <\/span><span style=\"font-weight: 400;\">d\u00e9nigrement \u00bb \u00e0 <\/span><span style=\"font-weight: 400;\">son \u00e9gard<\/span><span style=\"font-weight: 400;\">. <\/span><span style=\"font-weight: 400;\">Il <\/span><span style=\"font-weight: 400;\">renvoie \u00e0 un <\/span><span style=\"font-weight: 400;\">article <\/span><span style=\"font-weight: 400;\">paru <\/span><span style=\"font-weight: 400;\">dans l&#8217;hebdomadaire <\/span><i>Le <\/i><i><span style=\"font-weight: 400;\">Point <\/span><\/i><span style=\"font-weight: 400;\">en <\/span><span style=\"font-weight: 400;\">2011, qui \u00e9voque <\/span><span style=\"font-weight: 400;\">d\u00e9j\u00e0 une <b>\u00ab<\/b><\/span><b>\u00a0<\/b><span style=\"font-weight: 400;\">mortalit\u00e9 <\/span><span style=\"font-weight: 400;\">\u00e9lev\u00e9e <\/span><b>\u00bb au <\/b><span style=\"font-weight: 400;\">sein du <\/span><span style=\"font-weight: 400;\">service <\/span><span style=\"font-weight: 400;\">de chirurgie\u00a0<\/span><span style=\"font-weight: 400;\">cardiaque de l&#8217;h\u00f4pital Henri Mondor<\/span><span style=\"font-weight: 400;\">, <\/span><span style=\"font-weight: 400;\">bien avant <\/span><span style=\"font-weight: 400;\">son <\/span><span style=\"font-weight: 400;\">arriv\u00e9e <\/span><span style=\"font-weight: 400;\">donc<\/span><span style=\"font-weight: 400;\">. <\/span><span style=\"font-weight: 400;\">Selon lui<\/span><span style=\"font-weight: 400;\">, <\/span><span style=\"font-weight: 400;\">toutes les informations <\/span><span style=\"font-weight: 400;\">qui <\/span><span style=\"font-weight: 400;\">composent cette <\/span><span style=\"font-weight: 400;\">enqu\u00eate proviennent de per<\/span><span style=\"font-weight: 400;\">sonnes <\/span><span style=\"font-weight: 400;\">dont le parcours <b>\u00ab<\/b><\/span><span style=\"font-weight: 400;\">\u00a0poss\u00e8de <\/span><span style=\"font-weight: 400;\">beaucoup <\/span><span style=\"font-weight: 400;\">de <\/span><span style=\"font-weight: 400;\">zones <\/span><span style=\"font-weight: 400;\">d&#8217;ombre qui <\/span><span style=\"font-weight: 400;\">peuvent <\/span><span style=\"font-weight: 400;\">expliquer la campagne de d\u00e9nigrement <\/span><span style=\"font-weight: 400;\">\u00e0 <\/span><span style=\"font-weight: 400;\">[s]<\/span><span style=\"font-weight: 400;\">on \u00e9gard <b>\u00bb<\/b> <\/span><span style=\"font-weight: 400;\">&#8230;<\/span><\/p>\n<p><span style=\"font-weight: 400;\">Mais les <\/span><span style=\"font-weight: 400;\">m\u00e9thodes <\/span><span style=\"font-weight: 400;\">du <\/span><span style=\"font-weight: 400;\">professeur <\/span><span style=\"font-weight: 400;\">TF <\/span><span style=\"font-weight: 400;\">sont au c\u0153ur <\/span><span style=\"font-weight: 400;\">de <\/span><span style=\"font-weight: 400;\">la <\/span><span style=\"font-weight: 400;\">fronde des chirurgiens<\/span><span style=\"font-weight: 400;\">. <\/span><span style=\"font-weight: 400;\">L<\/span><span style=\"font-weight: 400;\">K<\/span><span style=\"font-weight: 400;\">, <\/span><span style=\"font-weight: 400;\">coll\u00e8gue <\/span><span style=\"font-weight: 400;\">initialement <\/span><span style=\"font-weight: 400;\">appr\u00e9ci\u00e9 <\/span><span style=\"font-weight: 400;\">par <\/span><span style=\"font-weight: 400;\">le chef <\/span><span style=\"font-weight: 400;\">de <\/span><span style=\"font-weight: 400;\">service<\/span><span style=\"font-weight: 400;\">, <\/span><span style=\"font-weight: 400;\">d\u00e9nonce le comportement de <\/span><span style=\"font-weight: 400;\">celui<\/span><span style=\"font-weight: 400;\">&#8211;<\/span><span style=\"font-weight: 400;\">ci \u00e0 l&#8217;\u00e9gard du Pr RZ<\/span><span style=\"font-weight: 400;\">. <\/span><span style=\"font-weight: 400;\">Il adresse <\/span><span style=\"font-weight: 400;\">du reste \u00e0 <\/span><span style=\"font-weight: 400;\">ce dernier<\/span><span style=\"font-weight: 400;\">, le <\/span><b>30 <\/b><span style=\"font-weight: 400;\">ao\u00fbt 2019<\/span><span style=\"font-weight: 400;\">, <\/span><span style=\"font-weight: 400;\">un <\/span><span style=\"font-weight: 400;\">courrier <\/span><span style=\"font-weight: 400;\">dans lequel il <\/span><span style=\"font-weight: 400;\">dit retranscrire les propos <\/span><span style=\"font-weight: 400;\">que lui aurait <\/span><span style=\"font-weight: 400;\">tenus le professeur <\/span><span style=\"font-weight: 400;\">TF<\/span><strong>: \u00ab Je veux BAISER RZ, c&#8217;est pour \u00e7a que je lui donnerai un patient difficile comme <i>[celui que] <\/i>j&#8217;ai op\u00e9r\u00e9 il y a quelques jours, une crosse aortique. Il va l&#8217;op\u00e9rer, il t&#8217;appellera pour que tu l&#8217;aides mais je t&#8217;interdis d&#8217;aller l&#8217;aider. Il va le tuer et apr\u00e8s je demanderai au doyen d&#8217;appeler Buzyn <i>[<\/i><i>ministre <\/i><i>des <\/i><i>Solidarit\u00e9s <\/i><i>et de <\/i><i>la Sant\u00e9 \u00e0 l&#8217;\u00e9poque] <\/i>pour qu&#8217;on le vire d&#8217;ici. <\/strong><span style=\"font-weight: 400;\"><strong>&gt;&gt;<\/strong>\u00a0<\/span><\/p>\n<p><span style=\"font-weight: 400;\">LK<\/span><span style=\"font-weight: 400;\">, qui <\/span><span style=\"font-weight: 400;\">a <\/span><span style=\"font-weight: 400;\">refus\u00e9 <\/span><span style=\"font-weight: 400;\">de participer <\/span><span style=\"font-weight: 400;\">\u00e0 cette <\/span><span style=\"font-weight: 400;\">manoeuvre <\/span><span style=\"font-weight: 400;\">qu&#8217;il <\/span><span style=\"font-weight: 400;\">qualifie <\/span><span style=\"font-weight: 400;\">de <\/span><span style=\"font-weight: 400;\">dangereuse et <\/span><span style=\"font-weight: 400;\">malhonn\u00eate<\/span><span style=\"font-weight: 400;\">, <\/span><span style=\"font-weight: 400;\">a <\/span><strong>\u00e9t\u00e9 \u00e9cart\u00e9 du service et ne peut plus op\u00e9rer<\/strong><span style=\"font-weight: 400;\">. Le 4 <\/span><span style=\"font-weight: 400;\">juin <\/span><span style=\"font-weight: 400;\">2019<\/span><span style=\"font-weight: 400;\">, il participe \u00e0 une r\u00e9union <\/span><span style=\"font-weight: 400;\">avec <\/span><span style=\"font-weight: 400;\">d&#8217;autres membres du <\/span><span style=\"font-weight: 400;\">service de chirurgie <\/span><span style=\"font-weight: 400;\">cardiaque de <\/span><span style=\"font-weight: 400;\">l&#8217;h\u00f4pital <\/span><span style=\"font-weight: 400;\">Mondor<\/span><b>, <\/b><span style=\"font-weight: 400;\">parmi lesquels le <\/span><span style=\"font-weight: 400;\">professeur <\/span><span style=\"font-weight: 400;\">TF <\/span><span style=\"font-weight: 400;\">et la <\/span><span style=\"font-weight: 400;\">directrice <\/span><span style=\"font-weight: 400;\">de l&#8217;h\u00f4pital <\/span><span style=\"font-weight: 400;\">EB<\/span><span style=\"font-weight: 400;\">&#8230;<\/span><\/p>\n<p><span style=\"font-weight: 400;\">Depuis 2019<\/span><span style=\"font-weight: 400;\">, <\/span><span style=\"font-weight: 400;\">plusieurs <\/span><span style=\"font-weight: 400;\">courriers <\/span><span style=\"font-weight: 400;\">d&#8217;alerte <\/span><span style=\"font-weight: 400;\">ont <\/span><span style=\"font-weight: 400;\">\u00e9t\u00e9 <\/span><span style=\"font-weight: 400;\">adress\u00e9s \u00e0 la hi\u00e9rarchie <\/span><span style=\"font-weight: 400;\">du <\/span><span style=\"font-weight: 400;\">syst\u00e8me de <\/span><span style=\"font-weight: 400;\">sant\u00e9 <\/span><span style=\"font-weight: 400;\">: <\/span><span style=\"font-weight: 400;\">l&#8217;ARS<\/span><span style=\"font-weight: 400;\">, <\/span><span style=\"font-weight: 400;\">l&#8217;AP<\/span><span style=\"font-weight: 400;\">&#8211;<\/span><span style=\"font-weight: 400;\">HP <\/span><span style=\"font-weight: 400;\">et le minist\u00e8re de <\/span><span style=\"font-weight: 400;\">la <\/span><span style=\"font-weight: 400;\">Sant\u00e9 <\/span><span style=\"font-weight: 400;\">notam<\/span><span style=\"font-weight: 400;\">ment<\/span><span style=\"font-weight: 400;\">. <\/span><span style=\"font-weight: 400;\">Ainsi<\/span><span style=\"font-weight: 400;\">, <\/span><span style=\"font-weight: 400;\">le docteur <\/span><span style=\"font-weight: 400;\">DG, <\/span><span style=\"font-weight: 400;\">membre <\/span><span style=\"font-weight: 400;\">du <\/span><span style=\"font-weight: 400;\">service <\/span><span style=\"font-weight: 400;\">du Pr TF<\/span><span style=\"font-weight: 400;\">\u00a0<\/span><span style=\"font-weight: 400;\">lors<\/span><span style=\"font-weight: 400;\">qu&#8217;il <\/span><span style=\"font-weight: 400;\">\u00e9tait <\/span><span style=\"font-weight: 400;\">\u00e0 <\/span><span style=\"font-weight: 400;\">Nancy, <\/span><span style=\"font-weight: 400;\">a r\u00e9dig\u00e9 <\/span><span style=\"font-weight: 400;\">un <\/span><span style=\"font-weight: 400;\">rapport <\/span><span style=\"font-weight: 400;\">d\u00e9taill\u00e9 <\/span><span style=\"font-weight: 400;\">sur la prise en <\/span><span style=\"font-weight: 400;\">charge des patients op\u00e9r\u00e9s par ce <\/span><span style=\"font-weight: 400;\">dernier <\/span><span style=\"font-weight: 400;\">de 2012 \u00e0 2018. <strong>Il y d\u00e9crit m\u00e9ticuleusement <\/strong><\/span><strong>les erreurs commises durant cette p\u00e9riode, notamment les complications inhabituelles ainsi que la surmortalit\u00e9 observ\u00e9e chez les patients<\/strong><span style=\"font-weight: 400;\">. <\/span><span style=\"font-weight: 400;\">Un courrier qu&#8217;il adresse le 30 <\/span><span style=\"font-weight: 400;\">mars <\/span><span style=\"font-weight: 400;\">2022 \u00e0 <\/span><span style=\"font-weight: 400;\">B<\/span><span style=\"font-weight: 400;\">G<\/span><span style=\"font-weight: 400;\">, <\/span><span style=\"font-weight: 400;\">membre du comit\u00e9 surveillance <\/span><span style=\"font-weight: 400;\">de <\/span><b>l&#8217;AP<\/b><span style=\"font-weight: 400;\">&#8211;<\/span><span style=\"font-weight: 400;\">HP, \u00e0 <\/span><span style=\"font-weight: 400;\">Am\u00e9lie Verdier<\/span><span style=\"font-weight: 400;\">, <\/span><span style=\"font-weight: 400;\">directrice de l&#8217;ARS<\/span><span style=\"font-weight: 400;\">, <\/span><span style=\"font-weight: 400;\">au <\/span><span style=\"font-weight: 400;\">minist\u00e8re <\/span><span style=\"font-weight: 400;\">de la Sant\u00e9 et \u00e0 la <\/span><span style=\"font-weight: 400;\">direction de <\/span><b>l&#8217;AP<\/b><span style=\"font-weight: 400;\">-HP<\/span><span style=\"font-weight: 400;\">. <\/span><span style=\"font-weight: 400;\">Le <\/span><span style=\"font-weight: 400;\">docteur <\/span><span style=\"font-weight: 400;\">D<\/span><span style=\"font-weight: 400;\">Tixier, l&#8217;un des plus anciens <\/span><span style=\"font-weight: 400;\">et <\/span><span style=\"font-weight: 400;\">exp\u00e9riment\u00e9s chirurgiens cardio<\/span><span style=\"font-weight: 400;\">&#8211;<\/span><span style=\"font-weight: 400;\">vasculaire du <\/span><span style=\"font-weight: 400;\">service <\/span><span style=\"font-weight: 400;\">de chirurgie cardiaque de Henri Mondor<\/span><span style=\"font-weight: 400;\">, <\/span><span style=\"font-weight: 400;\">a <\/span><span style=\"font-weight: 400;\">lui aussi <\/span><span style=\"font-weight: 400;\">lanc\u00e9 <\/span><span style=\"font-weight: 400;\">l&#8217;alerte<\/span><span style=\"font-weight: 400;\">. <\/span><span style=\"font-weight: 400;\">L&#8217;un de <\/span><span style=\"font-weight: 400;\">ses courriers <\/span><span style=\"font-weight: 400;\">r\u00e9cents<\/span><span style=\"font-weight: 400;\">, <\/span><span style=\"font-weight: 400;\">envoy\u00e9 d\u00e9but <\/span><span style=\"font-weight: 400;\">mars <\/span><span style=\"font-weight: 400;\">2022 \u00e0 l&#8217;ARS<\/span><span style=\"font-weight: 400;\">, <\/span><span style=\"font-weight: 400;\">est\u00a0<\/span><span style=\"font-weight: 400;\">sans \u00e9quivoque<\/span><span style=\"font-weight: 400;\">. <strong>\u00ab En effet<\/strong><\/span><strong>, connaissant son pass\u00e9 \u00e0 Nancy et local, je pense que ni toi ni personne ne le <i>[le Pr TF] <\/i>recommanderait ou se ferait op\u00e9rer par lui ou lui confierait un membre de sa famille ou m\u00eame une voisine. Comment peut-on (pouvez-vous) \u00eatre en paix avec sa conscience en acceptant que des patients non inform\u00e9s, et parce que nous ne les connaissons pas personnellement, aillent risquer leur vie, un p\u00e8re ou une m\u00e8re de famille, un papy ou une mamy, un sportif de haut niveau qui risquerait de se retrouver insuffisant cardiaque comme cela a \u00e9t\u00e9 le cas ? \u00bb\u00a0<\/strong><\/p>\n<p><span style=\"font-weight: 400;\">Dans ses <\/span><span style=\"font-weight: 400;\">\u00e9changes <\/span><span style=\"font-weight: 400;\">avec <\/span><span style=\"font-weight: 400;\">l&#8217;Agence de <\/span><span style=\"font-weight: 400;\">Sant\u00e9<\/span><span style=\"font-weight: 400;\">, <\/span><span style=\"font-weight: 400;\">le docteur D<\/span><span style=\"font-weight: 400;\">T <\/span><span style=\"font-weight: 400;\">d\u00e9taille plusieurs cas auxquels il a <\/span><span style=\"font-weight: 400;\">personnellement assist\u00e9<\/span><span style=\"font-weight: 400;\">. <\/span><span style=\"font-weight: 400;\">Il d\u00e9crit <\/span><span style=\"font-weight: 400;\">notamment <\/span><span style=\"font-weight: 400;\">l&#8217;op\u00e9ration de Monsieur Jacques <\/span><span style=\"font-weight: 400;\">D.<\/span><span style=\"font-weight: 400;\">, <\/span><span style=\"font-weight: 400;\">et les fautes <\/span><span style=\"font-weight: 400;\">pr\u00e9sum\u00e9es du <\/span><span style=\"font-weight: 400;\">professeur <\/span><span style=\"font-weight: 400;\">TF<\/span><span style=\"font-weight: 400;\">. <\/span><span style=\"font-weight: 400;\">Il <\/span><span style=\"font-weight: 400;\">\u00e9voque aussi <\/span><span style=\"font-weight: 400;\">un refus de la part de ce dernier <\/span><span style=\"font-weight: 400;\">de <\/span><strong>mentionner les erreurs dans le compte rendu d&#8217;op\u00e9ration, et son refus d&#8217;op\u00e9rer le patient \u00e0 nouveau, qui fina- lement le sera &lt;&lt; en catastrophe \u00bb dans un autre centre<\/strong><span style=\"font-weight: 400;\">. Le patient nous confirme une \u00ab&lt; intervention <\/span><span style=\"font-weight: 400;\">totalement <\/span><span style=\"font-weight: 400;\">rat\u00e9e <\/span><span style=\"font-weight: 400;\">\u00bb<\/span><span style=\"font-weight: 400;\">, <\/span><span style=\"font-weight: 400;\">aux \u00ab&lt; <\/span><span style=\"font-weight: 400;\">cons\u00e9quences <\/span><span style=\"font-weight: 400;\">physiques et <\/span><span style=\"font-weight: 400;\">psychologiques majeures \u00bb<\/span><span style=\"font-weight: 400;\">, <\/span><span style=\"font-weight: 400;\">et <\/span><span style=\"font-weight: 400;\">affirme que le<strong> Pr TF &lt;&lt; n&#8217;a <\/strong><\/span><strong>m\u00eame pas daign\u00e9 avouer l&#8217;\u00e9chec de son intervention \u00bb alors m\u00eame que &lt;&lt; tous les m\u00e9decins et chirurgiens consult\u00e9s par la suite ont confirm\u00e9 ces observations \u00bb<\/strong><span style=\"font-weight: 400;\">. <\/span><\/p>\n<p><span style=\"font-weight: 400;\">Le\u00a0<\/span><span style=\"font-weight: 400;\">docteur DT enjoint l&#8217;ARS de<strong> \u00ab&lt; <\/strong><\/span><strong>faire prendre des mesures de sauvegarde urgentes &gt;&gt;. <\/strong><span style=\"font-weight: 400;\">&lt;&lt; <\/span><span style=\"font-weight: 400;\">Si <\/span><span style=\"font-weight: 400;\">vous <\/span><span style=\"font-weight: 400;\">ne <\/span><span style=\"font-weight: 400;\">le faites pas, <\/span><span style=\"font-weight: 400;\">l<strong>a <\/strong><\/span><strong>justice aura moins d&#8217;\u00e9tats <\/strong><span style=\"font-weight: 400;\"><strong>d&#8217;\u00e2me<\/strong> \u00bb<\/span><span style=\"font-weight: 400;\">, <\/span><span style=\"font-weight: 400;\">conclut<\/span><span style=\"font-weight: 400;\">&#8211;<\/span><span style=\"font-weight: 400;\">il<\/span><span style=\"font-weight: 400;\">. <\/span><span style=\"font-weight: 400;\">C&#8217;est <\/span><span style=\"font-weight: 400;\">peut<\/span><span style=\"font-weight: 400;\">&#8211;<\/span><span style=\"font-weight: 400;\">\u00eatre <\/span><span style=\"font-weight: 400;\">la <\/span><span style=\"font-weight: 400;\">crainte <\/span><span style=\"font-weight: 400;\">de <\/span><span style=\"font-weight: 400;\">voir cette <\/span><span style=\"font-weight: 400;\">affaire divulgu\u00e9e publiquement <\/span><span style=\"font-weight: 400;\">qui <\/span><span style=\"font-weight: 400;\">explique que, <\/span><span style=\"font-weight: 400;\">d\u00e9sormais<\/span><b>, <\/b><span style=\"font-weight: 400;\">&lt;&lt; ce dossier <\/span><span style=\"font-weight: 400;\">est suivi <\/span><span style=\"font-weight: 400;\">par <\/span><span style=\"font-weight: 400;\">la <\/span><span style=\"font-weight: 400;\">directrice <\/span><span style=\"font-weight: 400;\">g\u00e9n\u00e9rale <\/span><span style=\"font-weight: 400;\">de <\/span><span style=\"font-weight: 400;\">l&#8217;ARS <\/span><span style=\"font-weight: 400;\">elle<\/span><span style=\"font-weight: 400;\">&#8211;<\/span><span style=\"font-weight: 400;\">m\u00eame \u00bb<\/span><span style=\"font-weight: 400;\">, <\/span><span style=\"font-weight: 400;\">comme <\/span><span style=\"font-weight: 400;\">l&#8217;affirme <\/span><span style=\"font-weight: 400;\">un <\/span><span style=\"font-weight: 400;\">courrier que nous <\/span><span style=\"font-weight: 400;\">avons <\/span><span style=\"font-weight: 400;\">pu consulter<\/span><span style=\"font-weight: 400;\">. Une information que nous confirme l&#8217;Agence de Sant\u00e9<\/span><span style=\"font-weight: 400;\">, <\/span><span style=\"font-weight: 400;\">par <\/span><span style=\"font-weight: 400;\">la <\/span><span style=\"font-weight: 400;\">voie <\/span><span style=\"font-weight: 400;\">de <\/span><span style=\"font-weight: 400;\">sa <\/span><span style=\"font-weight: 400;\">charg\u00e9e <\/span><span style=\"font-weight: 400;\">des <\/span><span style=\"font-weight: 400;\">relations presse. <\/span><span style=\"font-weight: 400;\">&lt;&lt; L&#8217;ARS <\/span><span style=\"font-weight: 400;\">\u00cele<\/span><span style=\"font-weight: 400;\">-de-<\/span><span style=\"font-weight: 400;\">France <\/span><span style=\"font-weight: 400;\">suit le sujet <\/span><span style=\"font-weight: 400;\">de pr\u00e8s avec <\/span><span style=\"font-weight: 400;\">une <\/span><span style=\"font-weight: 400;\">\u00e9valuation de <\/span><span style=\"font-weight: 400;\">la situation qui est actuellement <\/span><span style=\"font-weight: 400;\">en <\/span><span style=\"font-weight: 400;\">cours. L&#8217;Agence <\/span><span style=\"font-weight: 400;\">prendra <\/span><span style=\"font-weight: 400;\">notamment <\/span><span style=\"font-weight: 400;\">en compte <\/span><span style=\"font-weight: 400;\">les r\u00e9sultats \u00e0 venir <\/span><span style=\"font-weight: 400;\">de l&#8217;audit <\/span><span style=\"font-weight: 400;\">externe du service concern\u00e9 <\/span><span style=\"font-weight: 400;\">\u00bb<\/span><span style=\"font-weight: 400;\">, <\/span><span style=\"font-weight: 400;\">nous \u00e9crit<\/span><span style=\"font-weight: 400;\">&#8211;<\/span><span style=\"font-weight: 400;\">elle<\/span><span style=\"font-weight: 400;\">.\u00a0<\/span><\/p>\n<p><span style=\"font-weight: 400;\">Une autre <\/span><span style=\"font-weight: 400;\">alerte <\/span><span style=\"font-weight: 400;\">a <\/span><span style=\"font-weight: 400;\">\u00e9t\u00e9 <\/span><span style=\"font-weight: 400;\">lanc\u00e9e <\/span><span style=\"font-weight: 400;\">par <\/span><span style=\"font-weight: 400;\">le docteur <\/span><span style=\"font-weight: 400;\">DT en <\/span><span style=\"font-weight: 400;\">octobre 2021. <\/span><span style=\"font-weight: 400;\">Dans un <\/span><span style=\"font-weight: 400;\">email <\/span><span style=\"font-weight: 400;\">adress\u00e9 <\/span><span style=\"font-weight: 400;\">\u00e0 Martin Hirsch, le <\/span><span style=\"font-weight: 400;\">patron de <\/span><span style=\"font-weight: 400;\">l&#8217;AP<\/span><span style=\"font-weight: 400;\">&#8211;<\/span><span style=\"font-weight: 400;\">HP, <strong>il \u00e9crit <\/strong><\/span><strong>que &lt;&lt; la mortalit\u00e9 et la morbidit\u00e9 hors-norme imposent des mesures conservatoires \u00bb. Quelques mois plus t\u00f4t, en mai 2021, il s&#8217;adressait au docteur RS, pr\u00e9sident de la commission de l&#8217;AP-HP: &lt;&lt; En 2019-2020, j&#8217;ai exprim\u00e9 au chef de service cardiaque mes inqui\u00e9tudes et questionnements au sujet du management et des complications anormales et anormalement \u00e9lev\u00e9es que je voyais et que je refusais de couvrir. [&#8230;] Il est temps que cela cesse <\/strong><span style=\"font-weight: 400;\"><strong>! \u00bb<\/strong> Un mail <\/span><span style=\"font-weight: 400;\">rest\u00e9 sans r\u00e9ponse&#8230;<\/span><\/p>\n<p><span style=\"font-weight: 400;\">Le Pr BG membre de la commission <\/span><span style=\"font-weight: 400;\">m\u00e9dicale <\/span><span style=\"font-weight: 400;\">de surveillance de l&#8217;AP<\/span><span style=\"font-weight: 400;\">&#8211;<\/span><span style=\"font-weight: 400;\">HP<\/span><span style=\"font-weight: 400;\">, <\/span><span style=\"font-weight: 400;\">a lui aussi \u00e9crit au <\/span><span style=\"font-weight: 400;\">secr\u00e9tariat <\/span><span style=\"font-weight: 400;\">particulier <\/span><span style=\"font-weight: 400;\">de <\/span><span style=\"font-weight: 400;\">Martin Hirsch<\/span><span style=\"font-weight: 400;\">, <\/span><span style=\"font-weight: 400;\">en f\u00e9vrier <\/span><span style=\"font-weight: 400;\">2022<\/span><span style=\"font-weight: 400;\">, <\/span><span style=\"font-weight: 400;\">\u00e9voquant \u00ab&lt; <\/span><span style=\"font-weight: 400;\">u<strong>ne <\/strong><\/span><strong>affaire grave de mise en danger de la vie d&#8217;autrui, pouvant engager la responsabilit\u00e9 p\u00e9nale de plu- sieurs personnes physiques et de l&#8217;institution personne morale <\/strong><span style=\"font-weight: 400;\"><strong>\u00bb<\/strong>. Il lui propose <\/span><span style=\"font-weight: 400;\">alors <\/span><span style=\"font-weight: 400;\">d&#8217;entendre <\/span><span style=\"font-weight: 400;\">quatre chirurgiens cardiaques ayant <\/span><span style=\"font-weight: 400;\">exerc\u00e9 <\/span><span style=\"font-weight: 400;\">direc<\/span><span style=\"font-weight: 400;\">tement <\/span><span style=\"font-weight: 400;\">avec le <\/span><span style=\"font-weight: 400;\">professeur T<\/span><span style=\"font-weight: 400;\">F. Fin <\/span><span style=\"font-weight: 400;\">de non<\/span><span style=\"font-weight: 400;\">&#8211;<\/span><span style=\"font-weight: 400;\">re<\/span><span style=\"font-weight: 400;\">cevoir de <\/span><span style=\"font-weight: 400;\">la <\/span><span style=\"font-weight: 400;\">part <\/span><span style=\"font-weight: 400;\">de Martin Hirsch : \u00ab Professeur<\/span><span style=\"font-weight: 400;\">, <\/span><span style=\"font-weight: 400;\">ni R\u00e9mi Salomon<\/span><span style=\"font-weight: 400;\">, <\/span><span style=\"font-weight: 400;\">ni <\/span><span style=\"font-weight: 400;\">Bertrand Godeau<\/span><span style=\"font-weight: 400;\">, <\/span><span style=\"font-weight: 400;\">ni <\/span><span style=\"font-weight: 400;\">moi- <\/span><span style=\"font-weight: 400;\">m\u00eame ne sommes d&#8217;accord <\/span><span style=\"font-weight: 400;\">pour <\/span><span style=\"font-weight: 400;\">que <\/span><span style=\"font-weight: 400;\">l&#8217;\u00e9change <\/span><span style=\"font-weight: 400;\">que vous <\/span><span style=\"font-weight: 400;\">avez demand\u00e9 soit transform\u00e9 en une <\/span><span style=\"font-weight: 400;\">r\u00e9union <\/span><span style=\"font-weight: 400;\">avec quatre <\/span><span style=\"font-weight: 400;\">chirurgiens <\/span><span style=\"font-weight: 400;\">cardiaques. <\/span><span style=\"font-weight: 400;\">&gt;&gt; <strong>En d&#8217;autres <\/strong><\/span><strong>termes, ceux qui d\u00e9noncent les agissements du professeur TF ne sont ni interrog\u00e9s, ni entendus par l&#8217;AP-HP&#8230; <\/strong>Vous pouvez consulter l&#8217;article dans son int<span style=\"font-weight: 400;\">\u00e9<\/span>gralit<span style=\"font-weight: 400;\">\u00e9<\/span> en cliquant <a href=\"https:\/\/bastillemagazine.com\/2022\/06\/01\/morts-en-bloc\/\">ici<\/a><\/p>\n<hr \/>\n<h4><strong><span style=\"color: #ff0000;\">POUR ETEINDRE L&#8217;INCENDIE ET FAIRE TAIRE LES LANCEURS D&#8217;ALERTES, L&#8217;AP-HP de Mr Martin Hirsch D\u00e9cide de suspendre de maniere conservatoire le Pr Zegdi<\/span><br \/>\n<\/strong><\/h4>\n<p><b>AP-HP: suspension contest\u00e9e d&#8217;un chirurgien cardiaque de l&#8217;h\u00f4pital Henri-Mondor\u00a0<\/b><\/p>\n<p><b>Copy<\/b><b>r<\/b><b>i<\/b><b>ght Apmnews.c<\/b><b>o<\/b><b>m<\/b><\/p>\n<p><b>Mots-cl\u00e9s : <\/b>#\u00e9tablissements de sant\u00e9 #cardio #ARS #AP-HP #ressources humaines #h\u00f4pital #CHU-CHR #m\u00e9decins #chirurgie #justice #\u00e9thique-d\u00e9ontologie #qualit\u00e9-s\u00e9curit\u00e9 des soins #\u00cele-de-France<\/p>\n<p>PARIS, 1er juillet 2022 (APMnews) &#8211; L&#8217;Assistance publique-h\u00f4pitaux de Paris (AP-HP) a annonc\u00e9 jeudi dans un communiqu\u00e9 avoir suspendu un praticien universitaire du service de chirurgie cardiaque de l&#8217;h\u00f4pital Henri Mondor, lui reprochant d&#8217;entretenir un &#8220;climat de suspicion&#8221;, cette suspension \u00e9tant contest\u00e9e par plusieurs professionnels.<\/p>\n<p>Cette affaire intervient alors que le directeur g\u00e9n\u00e9ral de l&#8217;AP-HP, Martin Hirsch, avait annonc\u00e9 sa d\u00e9cision, en janvier 2021, d&#8217;arr\u00eater les greffes cardiaques sur le site de l&#8217;h\u00f4pital Henri-Mondor \u00e0 Cr\u00e9teil et de transf\u00e9rer cette activit\u00e9 sur le site de la Piti\u00e9-Salp\u00eatri\u00e8re \u00e0 Paris, dans le cadre d&#8217;un projet bi-site visant notamment \u00e0 d\u00e9velopper le p\u00f4le cardiologique et chirurgical de l&#8217;h\u00f4pital Henri-Mondor (cf d\u00e9p\u00eache du 21\/01\/2021 \u00e0 18:24).<\/p>\n<p>La chirurgie cardiaque &#8220;a connu des difficult\u00e9s sur le site d&#8217;Henri-Mondor ayant conduit, de mani\u00e8re volontaire, \u00e0 une r\u00e9flexion et une collaboration avec le service de chirurgie cardiaque de la Piti\u00e9-Salp\u00eatri\u00e8re depuis plusieurs mois&#8221;, avait expliqu\u00e9 l&#8217;AP-HP.<\/p>\n<p>Dans son courrier \u00e0 l&#8217;Agence de la biom\u00e9decine (ABM) annon\u00e7ant le transfert de l&#8217;activit\u00e9 de transplantation cardiaque, Martin Hirsch avait rappel\u00e9 qu&#8217;en 2019, ce service &#8220;avait arr\u00eat\u00e9 toute nouvelle transplantation cardiaque pendant quelques mois, dans l&#8217;attente des conclusions d&#8217;analyses men\u00e9es \u00e0 la suite du d\u00e9c\u00e8s de cinq patients transplant\u00e9s cardiaques entre le 6 f\u00e9vrier et le 1er juin 2019&#8221;. En novembre 2019, il avait \u00e9t\u00e9 d\u00e9cid\u00e9 de reprendre cette activit\u00e9 et de mettre en place un nouveau &#8220;projet transversal&#8221; avec l&#8217;h\u00f4pital Piti\u00e9-Salp\u00eatri\u00e8re (cf d\u00e9p\u00eache du 19\/01\/2021 \u00e0 17:27).<\/p>\n<p>Un an apr\u00e8s cette r\u00e9organisation qui avait suivi un premier rapport, &#8220;la gouvernance de l&#8217;AP-HP et du groupe hospitalier AP-HP H\u00f4pitaux universitaires Henri-Mondor ont souhait\u00e9 que soit r\u00e9alis\u00e9 un deuxi\u00e8me audit externe, qui a \u00e9t\u00e9 \u00e0 nouveau confi\u00e9 au CNU (sous-section 5103), \u00e0 la Soci\u00e9t\u00e9 fran\u00e7aise de chirurgie thoracique et cardiovasculaire et au Conseil national professionnel de chirurgie thoracique et cardiovasculaire&#8221;, a annonc\u00e9 l&#8217;AP HP jeudi.<\/p>\n<p>Cet audit &#8220;a donn\u00e9 lieu \u00e0 un rapport qui a \u00e9t\u00e9 remis \u00e0 l&#8217;AP-HP le 15 juin 2022 et dont les conclusions ont \u00e9t\u00e9 partag\u00e9es avec l&#8217;ARS Ile-de-France&#8221;.<\/p>\n<p>Le rapport conclut &#8220;tout d&#8217;abord \u00e0 un &#8216;ressaisissement certain&#8217;, au sein du service de chirurgie cardiaque de l&#8217;h\u00f4pital Henri-Mondor avec &#8216;un effort objectivable de tra\u00e7abilit\u00e9 des actions&#8217;, un report &#8216;exemplaire en termes d&#8217;exhaustivit\u00e9 et de qualit\u00e9&#8217; des donn\u00e9es dans la base nationale, conduisant \u00e0 des r\u00e9sultats &#8216;qui positionnent quasiment tous les r\u00e9sultats de l&#8217;\u00e9quipe dans les intervalles de confiance des moyennes nationales'&#8221;, selon l&#8217;AP HP.<\/p>\n<p>L&#8217;institution rel\u00e8ve que le rapport &#8220;constate que des am\u00e9liorations sont encore possibles, notamment en ce qui concerne l&#8217;accueil des internes, et recommande un point d&#8217;\u00e9tape semestriel dans les trois ans qui viennent. Il souligne les effets positifs de la collaboration avec l&#8217;\u00e9quipe de l&#8217;h\u00f4pital Piti\u00e9-Salp\u00eatri\u00e8re&#8221;.<\/p>\n<p>L&#8217;AP-HP ajoute que les enqu\u00eateurs pointent toutefois &#8220;&#8216;une atmosph\u00e8re perturb\u00e9e par le climat de suspicion<\/p>\n<p>permanente&#8217; entretenu par un chirurgien cardiaque hospitalo-universitaire, situation qui &#8216;g\u00e9n\u00e8re d&#8217;elle-m\u00eame un climat potentiellement n\u00e9faste \u00e0 la s\u00e9curit\u00e9 des soins&#8217;, en insistant sur la &#8216;gravit\u00e9 de la situation au regard de l&#8217;\u00e9thique, de la d\u00e9ontologie et de la confraternit\u00e9'&#8221;.<\/p>\n<p>Elle pr\u00e9cise que le directeur g\u00e9n\u00e9ral de l&#8217;AP-HP et le pr\u00e9sident de l&#8217;universit\u00e9 Paris-Est Cr\u00e9teil &#8220;ont d\u00e9cid\u00e9 de suspendre le chirurgien concern\u00e9 de toute activit\u00e9 chirurgicale et universitaire, sur le fondement de l&#8217;article 26 du d\u00e9cret du 13 d\u00e9cembre 2021, d&#8217;en informer les ministres de la sant\u00e9 et de l&#8217;enseignement sup\u00e9rieur et de proc\u00e9der \u00e0 un signalement aupr\u00e8s du Conseil de l&#8217;ordre des m\u00e9decins&#8221;.<\/p>\n<p><b>Une enqu\u00eate pr\u00e9liminaire ouverte pour &#8220;mise en danger de la vie d&#8217;autrui&#8221;\u00a0<\/b><\/p>\n<p>Des \u00e9l\u00e9ments rapport\u00e9s \u00e0 APMnews et \u00e9manant de plusieurs <strong>sources m\u00e9dicales vont \u00e0 l&#8217;encontre des conclusions de l&#8217;audit et de la d\u00e9cision prise \u00e0 l&#8217;encontre du praticien suspendu. Ils montrent que depuis 2019, des alertes ont \u00e9t\u00e9 adress\u00e9es par des praticiens au directeur de l&#8217;AP-HP, au pr\u00e9sident de la commission m\u00e9dicale <\/strong><strong>d&#8217;\u00e9tablissement, R\u00e9mi Salomon, \u00e0 la directrice g\u00e9n\u00e9rale de l&#8217;agence r\u00e9gionale de sant\u00e9 (ARS) Ile-de-France, Am\u00e9lie Verdier, et \u00e0 l&#8217;ancien ministre des solidarit\u00e9s et de la sant\u00e9, Olivier V\u00e9ran, concernant les comp\u00e9tences m\u00e9dicales du responsable de l&#8217;unit\u00e9 de chirurgie cardiaque de l&#8217;h\u00f4pital Henri-Mondor, le Pr TF.\u00a0<\/strong><\/p>\n<p>Il a \u00e9t\u00e9 port\u00e9 \u00e0 la connaissance de la gouvernance de l&#8217;AP-HP et des tutelles une analyse des op\u00e9rations effectu\u00e9es par ce dernier, avec des cas identifi\u00e9s comme probl\u00e9matiques, dans le cadre d&#8217;une \u00e9tude de morbi mortalit\u00e9 du service. <strong>Ont \u00e9galement \u00e9t\u00e9 point\u00e9es des donn\u00e9es 2020 de la base Epicard, montrant notamment que la mortalit\u00e9 du remplacement valvulaire aortique \u00e0 l&#8217;h\u00f4pital Henri-Mondor est cinq fois sup\u00e9rieure \u00e0 la moyenne francilienne.<\/strong> Des t\u00e9moignages m\u00e9dicaux proviennent aussi du CHU de Nancy, o\u00f9 a exerc\u00e9 le chef d&#8217;unit\u00e9 avant son arriv\u00e9e \u00e0 l&#8217;AP-HP.<\/p>\n<p>En mars, <strong>Am\u00e9lie Verdier<\/strong>, sollicit\u00e9e de nouveau par un m\u00e9decin, r\u00e9pondait \u00e0 ce dernier estimer que les d\u00e9cisions prises par la gouvernance de l&#8217;AP-HP, c&#8217;est-\u00e0-dire la r\u00e9alisation d&#8217;un nouvel audit, avec notamment un examen des pratiques individuelles, lui <strong>semblaient appropri\u00e9es.<\/strong><\/p>\n<p>Contact\u00e9 vendredi par APMnews, le <strong>Pr Rachid Zegd<\/strong>i, chirurgien cardiaque \u00e0 l&#8217;h\u00f4pital Henri-Mondor, a confirm\u00e9 \u00e0 APMnews \u00eatre le praticien suspendu de ses fonctions depuis jeudi. Concernant le motif, &#8220;l&#8217;essentiel est bas\u00e9 sur le contenu d&#8217;un rapport que je n&#8217;ai pas encore&#8221;, a-t-il expliqu\u00e9, ajoutant qu&#8217;il entreprendrait un recours gracieux.<\/p>\n<p>&#8220;Je savais d\u00e9j\u00e0 \u00e0 la fa\u00e7on dont cela allait se passer que le rapport serait \u00e0 charge contre moi&#8221;, puisque ce sont &#8220;les m\u00eames qui avaient r\u00e9alis\u00e9&#8221; le pr\u00e9c\u00e9dent, a-t-il soulign\u00e9, estimant que le probl\u00e8me du premier rapport \u00e9tait que &#8220;l&#8217;on ne savait m\u00eame pas quelle \u00e9tait la question pos\u00e9e&#8221; et que les &#8220;conflits d&#8217;int\u00e9r\u00eats n&#8217;\u00e9taient pas donn\u00e9s&#8221;.<\/p>\n<p>&#8220;<strong>La vraie question, c&#8217;est-\u00e0-dire y a-t-il un probl\u00e8me de comp\u00e9tence chirurgicale concernant &#8216;une personne, n&#8217;a jamais \u00e9t\u00e9 abord\u00e9e&#8221;, regrette-t-il, sans nommer le praticien incrimin\u00e9 ni sa fonction. Pour le deuxi\u00e8me rapport, il a \u00e9t\u00e9 demand\u00e9 par la gouvernance de l&#8217;AP-HP &#8220;une \u00e9valuation de l&#8217;activit\u00e9 individuelle des chirurgiens, [les auteurs] ont accept\u00e9 la mission mais ont refus\u00e9 de faire cette \u00e9valuation&#8221;, a-t-il ajout\u00e9.\u00a0<\/strong><\/p>\n<p><strong>Une enqu\u00eate pr\u00e9liminaire a \u00e9t\u00e9 ouverte pour &#8220;mise en danger de la vie d&#8217;autrui&#8221; \u00e0 la suite d&#8217;un signalement dans le cadre de l&#8217;article 40 du code de proc\u00e9dure p\u00e9nale, a fait savoir jeudi une source m\u00e9dicale \u00e0 APMnews.<\/strong><\/p>\n<p><strong>Sollicit\u00e9, le procureur de la R\u00e9publique de Cr\u00e9teil, St\u00e9phane Hardouin, a confirm\u00e9 vendredi l&#8217;ouverture une enqu\u00eate de ce chef contre X confi\u00e9e en avril \u00e0 la brigade de r\u00e9pression de la d\u00e9linquance aux personnes (BRDP).\u00a0<\/strong><\/p>\n<hr \/>\n<div data-opinionstage-embed-url=\"https:\/\/www.opinionstage.com\/api\/v1\/polls\/2907730\/code.json?width=\" style=\"display: none; visibility: hidden;\"><\/div>\n<hr \/>\n<h4><span style=\"color: #ff0000;\"><strong>TEMOIGNAGE EMOUVANT D&#8217;UN PATIENT TRAITE PAR LE CHEF DE SERVICE DE L&#8217;HOPITAL HENRI MONDOR<br \/>\n<\/strong><\/span><\/h4>\n<p><span style=\"font-weight: 400;\">Je soussign\u00e9 Jacques D.<\/span><span style=\"font-weight: 400;\">\u00a0<\/span><span style=\"font-weight: 400;\">d\u00e9clare <\/span><span style=\"font-weight: 400;\">avoir \u00e9t\u00e9 <\/span><span style=\"font-weight: 400;\">hospitalis\u00e9 <\/span><span style=\"font-weight: 400;\">dans <\/span><span style=\"font-weight: 400;\">le <\/span><b>service <\/b><b>de <\/b><span style=\"font-weight: 400;\">chirurgie cardiaque \u00e0 l&#8217;h\u00f4pital Henri Mondor<\/span> <span style=\"font-weight: 400;\">en <\/span><span style=\"font-weight: 400;\">2019.\u00a0<\/span><\/p>\n<p><span style=\"font-weight: 400;\">Apr\u00e8s de multiples examens r\u00e9p\u00e9t\u00e9s et d\u00e9lib\u00e9ration <\/span><span style=\"font-weight: 400;\">des m\u00e9decins<\/span><b>, <\/b><span style=\"font-weight: 400;\">il a \u00e9t\u00e9 <\/span><span style=\"font-weight: 400;\">d\u00e9cid\u00e9 de <\/span><strong>m&#8217;op\u00e9rer<\/strong><span style=\"font-weight: 400;\">. Cette op\u00e9ration <\/span><span style=\"font-weight: 400;\">a \u00e9t\u00e9 r\u00e9alis\u00e9e, <strong>pour <\/strong><\/span><strong>mon plus grand <\/strong><span style=\"font-weight: 400;\"><strong>malheur<\/strong>, par le Pr TF <\/span><span style=\"font-weight: 400;\">chef de <\/span><span style=\"font-weight: 400;\">service<\/span><span style=\"font-weight: 400;\">. Au <\/span><span style=\"font-weight: 400;\">cours <\/span><span style=\"font-weight: 400;\">de ma <\/span><span style=\"font-weight: 400;\">longue <\/span><span style=\"font-weight: 400;\">p\u00e9riode <\/span><span style=\"font-weight: 400;\">d&#8217;hospitalisation <\/span><span style=\"font-weight: 400;\">je <\/span><span style=\"font-weight: 400;\">n&#8217;ai <\/span><span style=\"font-weight: 400;\">rencontr\u00e9 ce chirurgien <\/span><b>qu&#8217;une <\/b><span style=\"font-weight: 400;\">seule <\/span><span style=\"font-weight: 400;\">et <\/span><b>unique <\/b><b>fois apr\u00e8s <\/b><span style=\"font-weight: 400;\">son intervention <strong>totalement <\/strong><\/span><strong>rat\u00e9e<\/strong><b>, <\/b><span style=\"font-weight: 400;\">avec <\/span>pour <span style=\"font-weight: 400;\">moi des <strong>cons\u00e9quences <\/strong><\/span><strong>physiques et psychologiques majeures<\/strong><span style=\"font-weight: 400;\">.\u00a0<\/span><\/p>\n<p><span style=\"font-weight: 400;\">Je n&#8217;ai <\/span><span style=\"font-weight: 400;\">eu <\/span><span style=\"font-weight: 400;\">aucun contact pr\u00e9alable, <strong>aucune explications<\/strong><\/span><span style=\"font-weight: 400;\">, ni <\/span><span style=\"font-weight: 400;\">avant<\/span><span style=\"font-weight: 400;\">, ni apr\u00e8s cette <\/span><span style=\"font-weight: 400;\">intervention, seule <\/span><span style=\"font-weight: 400;\">cette tr\u00e8s br\u00e8ve <\/span><span style=\"font-weight: 400;\">visite dans <\/span><span style=\"font-weight: 400;\">ma chambre <strong>sans aucune <\/strong><\/span><strong>consid\u00e9ration pour ma personne<\/strong><span style=\"font-weight: 400;\">. Le Pr TF<\/span><span style=\"font-weight: 400;\">, <\/span><span style=\"font-weight: 400;\">entour\u00e9 d&#8217;un a\u00e9ropage <\/span><span style=\"font-weight: 400;\">de m\u00e9decins et<\/span><span style=\"font-weight: 400;\">\/ou <\/span><span style=\"font-weight: 400;\">internes<\/span><b>, <\/b><strong>plein de suffisance et <\/strong><span style=\"font-weight: 400;\"><strong>d&#8217;arrogance<\/strong>, <\/span><span style=\"font-weight: 400;\">ne <\/span><span style=\"font-weight: 400;\">m&#8217;a pas <\/span><span style=\"font-weight: 400;\">adress\u00e9 la <\/span><span style=\"font-weight: 400;\">parole <\/span><span style=\"font-weight: 400;\">et <\/span><span style=\"font-weight: 400;\">n&#8217;a <\/span><span style=\"font-weight: 400;\">m\u00eame pas <\/span><strong>d\u00e9nier m&#8217;avouer l&#8217;\u00e9chec <\/strong><span style=\"font-weight: 400;\">de <\/span>son <span style=\"font-weight: 400;\">intervention<\/span><b>, <\/b><span style=\"font-weight: 400;\">sans <\/span><b>aucun <\/b><strong>commentaire <\/strong>sur <span style=\"font-weight: 400;\">la <\/span><span style=\"font-weight: 400;\">conduite <\/span><span style=\"font-weight: 400;\">\u00e0 <\/span><span style=\"font-weight: 400;\">tenir <\/span><span style=\"font-weight: 400;\">pour la <\/span><span style=\"font-weight: 400;\">suite<\/span><b>, <\/b><span style=\"font-weight: 400;\">me laissant <\/span><strong>ainsi dans la violence de <\/strong><span style=\"font-weight: 400;\"><strong>son silence<\/strong>. <\/span><span style=\"font-weight: 400;\">J&#8217;ai quitt\u00e9 <\/span>l&#8217;h\u00f4pital <strong>totalement abattu.\u00a0<\/strong><\/p>\n<p><span style=\"font-weight: 400;\">Tous <\/span><span style=\"font-weight: 400;\">les <\/span><span style=\"font-weight: 400;\">m\u00e9decins <\/span><span style=\"font-weight: 400;\">et chirurgiens <\/span><span style=\"font-weight: 400;\">consult\u00e9s par la suite <\/span><span style=\"font-weight: 400;\">m&#8217;ont confirm\u00e9s <\/span><span style=\"font-weight: 400;\">mes <\/span><span style=\"font-weight: 400;\">observations<\/span><span style=\"font-weight: 400;\">. <\/span><b>J&#8217;ai <\/b><span style=\"font-weight: 400;\">\u00e9t\u00e9 <\/span><span style=\"font-weight: 400;\">depuis <\/span><span style=\"font-weight: 400;\">r\u00e9op\u00e9r\u00e9 avec <\/span><span style=\"font-weight: 400;\">succ\u00e8s <\/span><span style=\"font-weight: 400;\">cette <\/span><span style=\"font-weight: 400;\">fois<\/span><b>&#8211;<\/b><span style=\"font-weight: 400;\">ci<\/span><span style=\"font-weight: 400;\">.\u00a0<\/span><\/p>\n<p><span style=\"font-weight: 400;\">Il serait <\/span><span style=\"font-weight: 400;\">sage et <\/span><span style=\"font-weight: 400;\">important pour L&#8217;h\u00f4pital<\/span><span style=\"font-weight: 400;\">, <\/span><strong>pour la sant\u00e9 des patients, que ce personnage soit \u00e9loign\u00e9 non seulement des blocs op\u00e9ratoires mais \u00e9galement du management de cette \u00e9quipe m\u00e9dicale r\u00e9put\u00e9e<\/strong><span style=\"font-weight: 400;\"><strong>.<\/strong>\u00a0<\/span><\/p>\n<p><strong>Dans le cas d&#8217;une nouvelle intervention, je ne donne pas mon accord de mani\u00e8re formelle \u00e0 ce soi-disant m\u00e9decin afin qu&#8217;il ne puisse interf\u00e9rer et\/ou intervenir d&#8217;une quelconque fa\u00e7on durant mon hospitalisation \u00e0 l&#8217;h\u00f4pital Henri Mondor.<\/strong><\/p>\n<p><span style=\"font-weight: 400;\">Jacques <\/span><span style=\"font-weight: 400;\">D.<\/span><span style=\"font-weight: 400;\">\u00a0<\/span><\/p>\n<p><span style=\"font-weight: 400;\">Fait <\/span><span style=\"font-weight: 400;\">\u00e0 <\/span><span style=\"font-weight: 400;\">Saint <\/span><span style=\"font-weight: 400;\">Maurice <\/span><span style=\"font-weight: 400;\">le <\/span><span style=\"font-weight: 400;\">vingt-<\/span><b>cinq octobre <\/b><span style=\"font-weight: 400;\">deux <\/span><span style=\"font-weight: 400;\">mille vingt et <\/span><span style=\"font-weight: 400;\">un pour valoir <\/span><span style=\"font-weight: 400;\">ce <\/span><span style=\"font-weight: 400;\">que <\/span><span style=\"font-weight: 400;\">de droit.<\/span><\/p>\n<hr \/>\n<h4>\u00a0Ch\u00e8res lecteurs, Chers lectrices,<\/h4>\n<p>Pour celles et ceux qui d<span style=\"font-weight: 400;\">\u00e9<\/span>sirent qu&#8217;une enquete judiciaire soit ouverte sur la maltraitance des patients op<span style=\"font-weight: 400;\">\u00e9<\/span>r<span style=\"font-weight: 400;\">\u00e9<\/span>s dans le service de chirurgie cardiaque\u00a0 de l&#8217;hopital Henri Mondor\u00a0 et souhaitent que Justice (et uniquement Justice) soit rendue, alors je les invite \u00e0 r\u00e9agir. Seule une r\u00e9action d\u2019une ampleur \u00abappropri\u00e9e \u00bb sera \u00e0 m\u00eame de pousser les Autorit\u00e9s comp\u00e9tentes \u00e0 prendre les mesures qui s\u2019imposent.<\/p>\n<p>Vous laissant libres du choix de la r\u00e9ponse que vous jugerez la plus appropri\u00e9e (pourvu qu&#8217;elle soit respectueuse), je vous invite cependant \u00e0:<\/p>\n<ul>\n<li><strong>Diffuser aussi largement que possible cette lettre.<\/strong><\/li>\n<li><strong>A partager vos commentaires sur les r\u00e9seaux sociaux.<\/strong><\/li>\n<li><strong>A signer la p\u00e9tition demandant qu\u2019une enqu\u00eate judiciaire soit ouverte.<\/strong><\/li>\n<\/ul>\n<p>Quant \u00e0 moi, je m&#8217;engage \u00e0 vous tenir r\u00e9guli\u00e8rement inform\u00e9s de l\u2019\u00e9volution de cette affaire aussi choquante que regrettable.<\/p>\n<p><strong>N\u2019oubliez jamais que les seuls d\u00e9lits impunis sont ceux dont on ne parle pas\u00a0!<\/strong><\/p>\n<hr \/>\n","protected":false},"excerpt":{"rendered":"<div  class=\"oss_horizontal_share oss_title_replace\" data-share-titles=\"MORTS EN BLOC\" data-share-description=\"Cet article parle de h\u00f4pital Henri Mondor, situ\u00e9 pr\u00e8s de paris, o\u00f9 de nombreux patients sont mor\" data-share-imageurl=\"http:\/\/www.mortsenbloc.com\/wordpress\/wp-content\/uploads\/2014\/11\/hqdefault.jpg\"  data-share-url=\"http:\/\/www.mortsenbloc.com\/\"><\/div>\n<p>Cet article parle de h\u00f4pital Henri Mondor, situ\u00e9 pr\u00e8s de paris, o\u00f9 de nombreux patients sont morts\u00a0apr\u00e8s\u00a0leur op\u00e9ration du coeur. Le chef de service ne serait\u00a0pas \u00e0 la hauteur, ses anciens coll\u00e8gues lui ayant m\u00eame\u00a0demand\u00e9 de\u00a0compl\u00e9ter sa formation. MAIS, pour le Conseil National des Universit\u00e9s,\u00a0le fautif serait le nombre \u201cnon n\u00e9gligeable\u201d de patients \u201cissus de [&hellip;]<\/p>\n","protected":false},"author":1,"featured_media":532,"parent":0,"menu_order":0,"comment_status":"open","ping_status":"open","template":"","meta":{"_genesis_hide_title":false,"_genesis_hide_breadcrumbs":false,"_genesis_hide_singular_image":false,"_genesis_hide_footer_widgets":false,"_genesis_custom_body_class":"","_genesis_custom_post_class":"","_genesis_layout":""},"_links":{"self":[{"href":"http:\/\/www.mortsenbloc.com\/index.php?rest_route=\/wp\/v2\/pages\/17"}],"collection":[{"href":"http:\/\/www.mortsenbloc.com\/index.php?rest_route=\/wp\/v2\/pages"}],"about":[{"href":"http:\/\/www.mortsenbloc.com\/index.php?rest_route=\/wp\/v2\/types\/page"}],"author":[{"embeddable":true,"href":"http:\/\/www.mortsenbloc.com\/index.php?rest_route=\/wp\/v2\/users\/1"}],"replies":[{"embeddable":true,"href":"http:\/\/www.mortsenbloc.com\/index.php?rest_route=%2Fwp%2Fv2%2Fcomments&post=17"}],"version-history":[{"count":204,"href":"http:\/\/www.mortsenbloc.com\/index.php?rest_route=\/wp\/v2\/pages\/17\/revisions"}],"predecessor-version":[{"id":670,"href":"http:\/\/www.mortsenbloc.com\/index.php?rest_route=\/wp\/v2\/pages\/17\/revisions\/670"}],"wp:featuredmedia":[{"embeddable":true,"href":"http:\/\/www.mortsenbloc.com\/index.php?rest_route=\/wp\/v2\/media\/532"}],"wp:attachment":[{"href":"http:\/\/www.mortsenbloc.com\/index.php?rest_route=%2Fwp%2Fv2%2Fmedia&parent=17"}],"curies":[{"name":"wp","href":"https:\/\/api.w.org\/{rel}","templated":true}]}}